{"id":37,"date":"2025-07-31T11:15:36","date_gmt":"2025-07-31T09:15:36","guid":{"rendered":"https:\/\/www.enerkom-plzensko.cz\/?page_id=37"},"modified":"2026-03-16T07:16:20","modified_gmt":"2026-03-16T06:16:20","slug":"o-nas","status":"publish","type":"page","link":"https:\/\/www.enerkom-plzensko.cz\/index.php\/o-nas\/","title":{"rendered":"O n\u00e1s"},"content":{"rendered":"\t\t<div data-elementor-type=\"wp-page\" data-elementor-id=\"37\" class=\"elementor elementor-37\" data-elementor-settings=\"{&quot;element_pack_global_tooltip_width&quot;:{&quot;unit&quot;:&quot;px&quot;,&quot;size&quot;:&quot;&quot;,&quot;sizes&quot;:[]},&quot;element_pack_global_tooltip_width_tablet&quot;:{&quot;unit&quot;:&quot;px&quot;,&quot;size&quot;:&quot;&quot;,&quot;sizes&quot;:[]},&quot;element_pack_global_tooltip_width_mobile&quot;:{&quot;unit&quot;:&quot;px&quot;,&quot;size&quot;:&quot;&quot;,&quot;sizes&quot;:[]},&quot;element_pack_global_tooltip_padding&quot;:{&quot;unit&quot;:&quot;px&quot;,&quot;top&quot;:&quot;&quot;,&quot;right&quot;:&quot;&quot;,&quot;bottom&quot;:&quot;&quot;,&quot;left&quot;:&quot;&quot;,&quot;isLinked&quot;:true},&quot;element_pack_global_tooltip_padding_tablet&quot;:{&quot;unit&quot;:&quot;px&quot;,&quot;top&quot;:&quot;&quot;,&quot;right&quot;:&quot;&quot;,&quot;bottom&quot;:&quot;&quot;,&quot;left&quot;:&quot;&quot;,&quot;isLinked&quot;:true},&quot;element_pack_global_tooltip_padding_mobile&quot;:{&quot;unit&quot;:&quot;px&quot;,&quot;top&quot;:&quot;&quot;,&quot;right&quot;:&quot;&quot;,&quot;bottom&quot;:&quot;&quot;,&quot;left&quot;:&quot;&quot;,&quot;isLinked&quot;:true},&quot;element_pack_global_tooltip_border_radius&quot;:{&quot;unit&quot;:&quot;px&quot;,&quot;top&quot;:&quot;&quot;,&quot;right&quot;:&quot;&quot;,&quot;bottom&quot;:&quot;&quot;,&quot;left&quot;:&quot;&quot;,&quot;isLinked&quot;:true},&quot;element_pack_global_tooltip_border_radius_tablet&quot;:{&quot;unit&quot;:&quot;px&quot;,&quot;top&quot;:&quot;&quot;,&quot;right&quot;:&quot;&quot;,&quot;bottom&quot;:&quot;&quot;,&quot;left&quot;:&quot;&quot;,&quot;isLinked&quot;:true},&quot;element_pack_global_tooltip_border_radius_mobile&quot;:{&quot;unit&quot;:&quot;px&quot;,&quot;top&quot;:&quot;&quot;,&quot;right&quot;:&quot;&quot;,&quot;bottom&quot;:&quot;&quot;,&quot;left&quot;:&quot;&quot;,&quot;isLinked&quot;:true}}\" data-elementor-post-type=\"page\">\n\t\t\t\t<div class=\"elementor-element elementor-element-e6b1d20 e-flex e-con-boxed e-con e-parent\" data-id=\"e6b1d20\" data-element_type=\"container\" data-e-type=\"container\">\n\t\t\t\t\t<div class=\"e-con-inner\">\n\t\t<div class=\"elementor-element elementor-element-2a5dcb1 e-con-full e-flex e-con e-child\" data-id=\"2a5dcb1\" data-element_type=\"container\" data-e-type=\"container\">\n\t\t<div class=\"elementor-element elementor-element-87061c9 e-con-full e-flex e-con e-child\" data-id=\"87061c9\" data-element_type=\"container\" data-e-type=\"container\">\n\t\t\t\t<div class=\"elementor-element elementor-element-35d8fa4 elementor-widget elementor-widget-heading\" data-id=\"35d8fa4\" data-element_type=\"widget\" data-e-type=\"widget\" data-widget_type=\"heading.default\">\n\t\t\t\t<div class=\"elementor-widget-container\">\n\t\t\t\t\t<h1 class=\"elementor-heading-title elementor-size-default\">O n\u00e1s<\/h1>\t\t\t\t<\/div>\n\t\t\t\t<\/div>\n\t\t\t\t<div class=\"elementor-element elementor-element-3d27c6b elementor-widget elementor-widget-image\" data-id=\"3d27c6b\" data-element_type=\"widget\" data-e-type=\"widget\" data-widget_type=\"image.default\">\n\t\t\t\t<div class=\"elementor-widget-container\">\n\t\t\t\t\t\t\t\t\t\t\t\t\t\t\t<img decoding=\"async\" width=\"88\" height=\"6\" src=\"https:\/\/www.enerkom-plzensko.cz\/wp-content\/uploads\/2025\/08\/gfx_nadpis-3.png\" class=\"attachment-large size-large wp-image-297\" alt=\"\" \/>\t\t\t\t\t\t\t\t\t\t\t\t\t\t\t<\/div>\n\t\t\t\t<\/div>\n\t\t\t\t<\/div>\n\t\t<div class=\"elementor-element elementor-element-b145fda e-con-full e-flex e-con e-child\" data-id=\"b145fda\" data-element_type=\"container\" data-e-type=\"container\">\n\t\t<div class=\"elementor-element elementor-element-75962a4 e-con-full e-flex e-con e-child\" data-id=\"75962a4\" data-element_type=\"container\" data-e-type=\"container\">\n\t\t\t\t<div class=\"elementor-element elementor-element-6f65f95 elementor-widget elementor-widget-text-editor\" data-id=\"6f65f95\" data-element_type=\"widget\" data-e-type=\"widget\" data-widget_type=\"text-editor.default\">\n\t\t\t\t<div class=\"elementor-widget-container\">\n\t\t\t\t\t\t\t\t\t<p>Jsme energetick\u00e9 spole\u010denstv\u00ed p\u016fsob\u00edc\u00ed na \u00fazem\u00ed obc\u00ed s roz\u0161\u00ed\u0159enou p\u016fsobnost\u00ed N\u00fd\u0159any, Plze\u0148 a Stod. Poskytov\u00e1n\u00edm slu\u017eeb v energetice p\u0159isp\u00edv\u00e1me ke zlep\u0161en\u00ed kvality \u017eivota a \u017eivotn\u00edho prost\u0159ed\u00ed. Pom\u00e1h\u00e1me obc\u00edm, firm\u00e1m, dom\u00e1cnostem i SVJ sni\u017eovat energetickou n\u00e1ro\u010dnost budov a t\u00edm i n\u00e1klady na energie.<\/p><p><span style=\"font-weight: 400;\">ENERKOM Plze\u0148sko, z.s. vznikl ve spolupr\u00e1ci s <\/span><a href=\"https:\/\/www.mas-radbuza.cz\/\" target=\"_blank\" rel=\"noopener\"><b>M\u00edstn\u00ed ak\u010dn\u00ed skupinou Radbuza<\/b><\/a><span style=\"font-weight: 400;\">. D\u00edky tomu region zn\u00e1me a m\u00e1me i d\u016fv\u011bru m\u00edstn\u00edch obyvatel. <\/span><b>Sn\u00e1ze se n\u00e1m pak da\u0159\u00ed v\u00fdrobce elekt\u0159iny s p\u0159ebytky propojovat s t\u011bmi, kte\u0159\u00ed takovou elekt\u0159inu mohou spot\u0159ebovat.<\/b><span style=\"font-weight: 400;\"> Spole\u010dn\u011b tak sm\u011b\u0159ujeme k vy\u0161\u0161\u00ed energetick\u00e9 sob\u011bsta\u010dnosti a udr\u017eitelnosti v na\u0161em regionu.\u00a0<\/span><\/p><p><span style=\"font-weight: 400;\">Jsme ofici\u00e1ln\u011b <\/span><a href=\"https:\/\/eru.gov.cz\/enerkom-plzensko-zs\" target=\"_blank\" rel=\"noopener\"><span style=\"font-weight: 400;\">registrov\u00e1ni a kontrolov\u00e1ni<\/span><\/a><span style=\"font-weight: 400;\"> Energetick\u00fdm regula\u010dn\u00edm \u00fa\u0159adem.<\/span><\/p><p><strong>Co d\u011bl\u00e1me<\/strong><\/p><p>Spole\u010dn\u011b vytv\u00e1\u0159\u00edme energetick\u00e1 \u0159e\u0161en\u00ed, kter\u00e1 \u0161et\u0159\u00ed pen\u00edze i p\u0159\u00edrodu. Na\u0161e aktivity jsou zam\u011b\u0159eny na konkr\u00e9tn\u00ed podporu obc\u00ed, firem, dom\u00e1cnost\u00ed i dal\u0161\u00edch subjekt\u016f, aby mohli efektivn\u011b vyr\u00e1b\u011bt, vyu\u017e\u00edvat a sd\u00edlet energii.<\/p><p>Poskytujeme tak\u00e9\u00a0<strong>bezplatn\u00e9 energetick\u00e9 poradenstv\u00ed pro ve\u0159ejnost<\/strong>, kde pom\u00e1h\u00e1me lidem zorientovat se v mo\u017enostech \u00faspor energie, renovac\u00ed dom\u016f, vyu\u017eit\u00ed obnoviteln\u00fdch zdroj\u016f i aktu\u00e1ln\u00edch dota\u010dn\u00edch programech.<\/p><p>Sou\u010d\u00e1st\u00ed na\u0161\u00ed \u010dinnosti je tak\u00e9\u00a0<strong>poradenstv\u00ed v oblasti sd\u00edlen\u00ed energie a komunitn\u00ed energetiky<\/strong>, nap\u0159\u00edklad v re\u017eimu aktivn\u00edho z\u00e1kazn\u00edka nebo v r\u00e1mci energetick\u00fdch spole\u010denstv\u00ed.<\/p><p>V\u011bnujeme se rovn\u011b\u017e\u00a0<strong>osv\u011btov\u00fdm semin\u00e1\u0159\u016fm a \u0161kolen\u00edm<\/strong>, kde vysv\u011btlujeme praktick\u00e9 mo\u017enosti \u00faspor energie v dom\u00e1cnostech i obc\u00edch.<\/p><p>Nov\u011b\u00a0<strong>zpracov\u00e1v\u00e1me renova\u010dn\u00ed pasy budov<\/strong>, kter\u00e9 pom\u00e1haj\u00ed majitel\u016fm dom\u016f pl\u00e1novat renovace a energetick\u00e9 \u00faspory krok za krokem.<\/p>\t\t\t\t\t\t\t\t<\/div>\n\t\t\t\t<\/div>\n\t\t\t\t<\/div>\n\t\t<div class=\"elementor-element elementor-element-b5b0cd5 e-con-full e-flex e-con e-child\" data-id=\"b5b0cd5\" data-element_type=\"container\" data-e-type=\"container\">\n\t\t\t\t<div class=\"elementor-element elementor-element-b006d6a elementor-widget elementor-widget-video\" data-id=\"b006d6a\" data-element_type=\"widget\" data-e-type=\"widget\" data-settings=\"{&quot;youtube_url&quot;:&quot;https:\\\/\\\/www.youtube.com\\\/watch?v=_TkzFy4BF2g&amp;t=1s&quot;,&quot;mute&quot;:&quot;yes&quot;,&quot;video_type&quot;:&quot;youtube&quot;,&quot;controls&quot;:&quot;yes&quot;}\" data-widget_type=\"video.default\">\n\t\t\t\t<div class=\"elementor-widget-container\">\n\t\t\t\t\t\t\t<div class=\"elementor-wrapper elementor-open-inline\">\n\t\t\t<div class=\"elementor-video\"><\/div>\t\t<\/div>\n\t\t\t\t\t\t<\/div>\n\t\t\t\t<\/div>\n\t\t\t\t<\/div>\n\t\t\t\t<\/div>\n\t\t<div class=\"elementor-element elementor-element-fa7881a e-con-full e-flex e-con e-child\" data-id=\"fa7881a\" data-element_type=\"container\" data-e-type=\"container\">\n\t\t<div class=\"elementor-element elementor-element-7d72e2a e-con-full e-flex e-con e-child\" data-id=\"7d72e2a\" data-element_type=\"container\" data-e-type=\"container\">\n\t\t\t\t<div class=\"elementor-element elementor-element-e22f5a0 elementor-widget elementor-widget-text-editor\" data-id=\"e22f5a0\" data-element_type=\"widget\" data-e-type=\"widget\" data-widget_type=\"text-editor.default\">\n\t\t\t\t<div class=\"elementor-widget-container\">\n\t\t\t\t\t\t\t\t\t<p><strong>\u010c\u00edm se zab\u00fdv\u00e1me:<\/strong><\/p><ul><li>N\u00e1\u0161 t\u00fdm tvo\u0159\u00ed certifikovan\u00ed energeti\u010dt\u00ed poradci Ministerstva pr\u016fmyslu a obchodu.<\/li><li>Obc\u00edm a m\u011bst\u016fm pom\u00e1h\u00e1me z\u00edsk\u00e1vat dotace a realizovat projekty, jako jsou m\u00edstn\u00ed energetick\u00e9 koncepce, zav\u00e1d\u011bn\u00ed energetick\u00e9ho managementu \u010di budov\u00e1n\u00ed energetick\u00e9 infrastruktury.<\/li><li>Rad\u00edme obc\u00edm, zem\u011bd\u011blc\u016fm, firm\u00e1m, dom\u00e1cnostem a SVJ v oblasti aktu\u00e1ln\u00ed a m\u011bn\u00edc\u00ed se energetick\u00e9 legislativy.<\/li><li>D\u00edky na\u0161emu \u010dlenstv\u00ed v organizac\u00edch jako Unie komunitn\u00ed energetiky (UKEN) a Celost\u00e1tn\u00ed s\u00edt\u011b pro venkov (CSV) sd\u00edl\u00edme zku\u0161enosti a pom\u00e1h\u00e1me ovliv\u0148ovat \u010deskou legislativu a pravidla pro \u010derp\u00e1n\u00ed dotac\u00ed.<\/li><li>Umo\u017e\u0148ujeme \u0161irok\u00e9 ve\u0159ejnosti pod\u00edlet se na v\u00fdstavb\u011b a realizaci energetick\u00fdch zdroj\u016f.<\/li><li>Podporujeme pl\u00e1nov\u00e1n\u00ed, projektov\u00e1n\u00ed a realizaci konkr\u00e9tn\u00edch projekt\u016f od anal\u00fdzy objekt\u016f, p\u0159es energetickou spot\u0159ebu a\u017e po vyu\u017eit\u00ed obnoviteln\u00fdch zdroj\u016f<\/li><\/ul>\t\t\t\t\t\t\t\t<\/div>\n\t\t\t\t<\/div>\n\t\t\t\t<\/div>\n\t\t\t\t<\/div>\n\t\t\t\t<\/div>\n\t\t\t\t\t<\/div>\n\t\t\t\t<\/div>\n\t\t<div class=\"elementor-element elementor-element-a814ad6 e-flex e-con-boxed e-con e-parent\" data-id=\"a814ad6\" data-element_type=\"container\" data-e-type=\"container\">\n\t\t\t\t\t<div class=\"e-con-inner\">\n\t\t\t\t<div class=\"elementor-element elementor-element-0804aee elementor-widget elementor-widget-spacer\" data-id=\"0804aee\" data-element_type=\"widget\" data-e-type=\"widget\" data-widget_type=\"spacer.default\">\n\t\t\t\t<div class=\"elementor-widget-container\">\n\t\t\t\t\t\t\t<div class=\"elementor-spacer\">\n\t\t\t<div class=\"elementor-spacer-inner\"><\/div>\n\t\t<\/div>\n\t\t\t\t\t\t<\/div>\n\t\t\t\t<\/div>\n\t\t\t\t\t<\/div>\n\t\t\t\t<\/div>\n\t\t\t\t<\/div>\n\t\t","protected":false},"excerpt":{"rendered":"<p>O n\u00e1s Jsme energetick\u00e9 spole\u010denstv\u00ed p\u016fsob\u00edc\u00ed na \u00fazem\u00ed obc\u00ed s roz\u0161\u00ed\u0159enou p\u016fsobnost\u00ed N\u00fd\u0159any, Plze\u0148 a Stod. Poskytov\u00e1n\u00edm slu\u017eeb v energetice p\u0159isp\u00edv\u00e1me ke zlep\u0161en\u00ed kvality \u017eivota a \u017eivotn\u00edho prost\u0159ed\u00ed. Pom\u00e1h\u00e1me obc\u00edm, firm\u00e1m, dom\u00e1cnostem i SVJ sni\u017eovat energetickou n\u00e1ro\u010dnost budov a t\u00edm i n\u00e1klady na energie. ENERKOM Plze\u0148sko, z.s. vznikl ve spolupr\u00e1ci s M\u00edstn\u00ed ak\u010dn\u00ed skupinou Radbuza. [&hellip;]<\/p>\n","protected":false},"author":1,"featured_media":0,"parent":0,"menu_order":0,"comment_status":"closed","ping_status":"closed","template":"elementor_header_footer","meta":{"inline_featured_image":false,"footnotes":""},"class_list":["post-37","page","type-page","status-publish","hentry"],"_links":{"self":[{"href":"https:\/\/www.enerkom-plzensko.cz\/index.php\/wp-json\/wp\/v2\/pages\/37","targetHints":{"allow":["GET"]}}],"collection":[{"href":"https:\/\/www.enerkom-plzensko.cz\/index.php\/wp-json\/wp\/v2\/pages"}],"about":[{"href":"https:\/\/www.enerkom-plzensko.cz\/index.php\/wp-json\/wp\/v2\/types\/page"}],"author":[{"embeddable":true,"href":"https:\/\/www.enerkom-plzensko.cz\/index.php\/wp-json\/wp\/v2\/users\/1"}],"replies":[{"embeddable":true,"href":"https:\/\/www.enerkom-plzensko.cz\/index.php\/wp-json\/wp\/v2\/comments?post=37"}],"version-history":[{"count":91,"href":"https:\/\/www.enerkom-plzensko.cz\/index.php\/wp-json\/wp\/v2\/pages\/37\/revisions"}],"predecessor-version":[{"id":1924,"href":"https:\/\/www.enerkom-plzensko.cz\/index.php\/wp-json\/wp\/v2\/pages\/37\/revisions\/1924"}],"wp:attachment":[{"href":"https:\/\/www.enerkom-plzensko.cz\/index.php\/wp-json\/wp\/v2\/media?parent=37"}],"curies":[{"name":"wp","href":"https:\/\/api.w.org\/{rel}","templated":true}]}}