{"id":45,"date":"2025-07-31T11:16:47","date_gmt":"2025-07-31T09:16:47","guid":{"rendered":"https:\/\/www.enerkom-plzensko.cz\/?page_id=45"},"modified":"2025-10-25T16:45:46","modified_gmt":"2025-10-25T14:45:46","slug":"clanky","status":"publish","type":"page","link":"https:\/\/www.enerkom-plzensko.cz\/index.php\/clanky\/","title":{"rendered":"\u010cl\u00e1nky"},"content":{"rendered":"\t\t<div data-elementor-type=\"wp-page\" data-elementor-id=\"45\" class=\"elementor elementor-45\" data-elementor-settings=\"{&quot;element_pack_global_tooltip_width&quot;:{&quot;unit&quot;:&quot;px&quot;,&quot;size&quot;:&quot;&quot;,&quot;sizes&quot;:[]},&quot;element_pack_global_tooltip_width_tablet&quot;:{&quot;unit&quot;:&quot;px&quot;,&quot;size&quot;:&quot;&quot;,&quot;sizes&quot;:[]},&quot;element_pack_global_tooltip_width_mobile&quot;:{&quot;unit&quot;:&quot;px&quot;,&quot;size&quot;:&quot;&quot;,&quot;sizes&quot;:[]},&quot;element_pack_global_tooltip_padding&quot;:{&quot;unit&quot;:&quot;px&quot;,&quot;top&quot;:&quot;&quot;,&quot;right&quot;:&quot;&quot;,&quot;bottom&quot;:&quot;&quot;,&quot;left&quot;:&quot;&quot;,&quot;isLinked&quot;:true},&quot;element_pack_global_tooltip_padding_tablet&quot;:{&quot;unit&quot;:&quot;px&quot;,&quot;top&quot;:&quot;&quot;,&quot;right&quot;:&quot;&quot;,&quot;bottom&quot;:&quot;&quot;,&quot;left&quot;:&quot;&quot;,&quot;isLinked&quot;:true},&quot;element_pack_global_tooltip_padding_mobile&quot;:{&quot;unit&quot;:&quot;px&quot;,&quot;top&quot;:&quot;&quot;,&quot;right&quot;:&quot;&quot;,&quot;bottom&quot;:&quot;&quot;,&quot;left&quot;:&quot;&quot;,&quot;isLinked&quot;:true},&quot;element_pack_global_tooltip_border_radius&quot;:{&quot;unit&quot;:&quot;px&quot;,&quot;top&quot;:&quot;&quot;,&quot;right&quot;:&quot;&quot;,&quot;bottom&quot;:&quot;&quot;,&quot;left&quot;:&quot;&quot;,&quot;isLinked&quot;:true},&quot;element_pack_global_tooltip_border_radius_tablet&quot;:{&quot;unit&quot;:&quot;px&quot;,&quot;top&quot;:&quot;&quot;,&quot;right&quot;:&quot;&quot;,&quot;bottom&quot;:&quot;&quot;,&quot;left&quot;:&quot;&quot;,&quot;isLinked&quot;:true},&quot;element_pack_global_tooltip_border_radius_mobile&quot;:{&quot;unit&quot;:&quot;px&quot;,&quot;top&quot;:&quot;&quot;,&quot;right&quot;:&quot;&quot;,&quot;bottom&quot;:&quot;&quot;,&quot;left&quot;:&quot;&quot;,&quot;isLinked&quot;:true}}\" data-elementor-post-type=\"page\">\n\t\t\t\t<div class=\"elementor-element elementor-element-a50c565 e-flex e-con-boxed e-con e-parent\" data-id=\"a50c565\" data-element_type=\"container\" data-e-type=\"container\" data-settings=\"{&quot;background_background&quot;:&quot;classic&quot;}\">\n\t\t\t\t\t<div class=\"e-con-inner\">\n\t\t<div class=\"elementor-element elementor-element-2caaabe e-flex e-con-boxed e-con e-child\" data-id=\"2caaabe\" data-element_type=\"container\" data-e-type=\"container\">\n\t\t\t\t\t<div class=\"e-con-inner\">\n\t\t\t\t<div class=\"elementor-element elementor-element-d39894b elementor-widget elementor-widget-heading\" data-id=\"d39894b\" data-element_type=\"widget\" data-e-type=\"widget\" data-widget_type=\"heading.default\">\n\t\t\t\t<div class=\"elementor-widget-container\">\n\t\t\t\t\t<h1 class=\"elementor-heading-title elementor-size-default\">\u010cl\u00e1nky<\/h1>\t\t\t\t<\/div>\n\t\t\t\t<\/div>\n\t\t\t\t<div class=\"elementor-element elementor-element-be8cb08 elementor-widget elementor-widget-image\" data-id=\"be8cb08\" data-element_type=\"widget\" data-e-type=\"widget\" data-widget_type=\"image.default\">\n\t\t\t\t<div class=\"elementor-widget-container\">\n\t\t\t\t\t\t\t\t\t\t\t\t\t\t\t<img decoding=\"async\" width=\"88\" height=\"6\" src=\"https:\/\/www.enerkom-plzensko.cz\/wp-content\/uploads\/2025\/08\/gfx_nadpis-3.png\" class=\"attachment-large size-large wp-image-297\" alt=\"\" \/>\t\t\t\t\t\t\t\t\t\t\t\t\t\t\t<\/div>\n\t\t\t\t<\/div>\n\t\t\t\t<div class=\"elementor-element elementor-element-6adc615 elementor-widget__width-inherit bdt-custom-gallery-skin-fedara-style-center elementor-widget elementor-widget-bdt-post-gallery\" data-id=\"6adc615\" data-element_type=\"widget\" data-e-type=\"widget\" data-settings=\"{&quot;columns&quot;:&quot;3&quot;,&quot;columns_tablet&quot;:&quot;2&quot;,&quot;columns_mobile&quot;:&quot;1&quot;}\" data-widget_type=\"bdt-post-gallery.bdt-abetis\">\n\t\t\t\t<div class=\"elementor-widget-container\">\n\t\t\t\t\t\t\t<div class=\"bdt-post-gallery-wrapper\">\n\n\t\t\t\t\t<div id=\"bdt-post-gallery-6adc615\" class=\"bdt-ep-grid-filters-wrapper\" data-hash-settings=\"{&quot;id&quot;:&quot;#bdt-post-gallery-6adc615&quot;,&quot;activeHash&quot;:&quot;yes&quot;,&quot;hashTopOffset&quot;:146,&quot;hashScrollspyTime&quot;:500}\">\n\n\t\t\t<button class=\"bdt-button bdt-button-default bdt-hidden@m\" type=\"button\">\n\t\t\t\t\t\t\t\t\tFiltry\t\t\t\t\t\t\t<\/button>\n\n\t\t\t<div data-bdt-dropdown=\"mode: click;\" class=\"bdt-dropdown bdt-margin-remove-top bdt-margin-remove-bottom bdt-drop\">\n\t\t\t\t<ul class=\"bdt-nav bdt-dropdown-nav\">\n\n\t\t\t\t\t\t\t\t\t\t\t<li class=\"bdt-active bdt-ep-grid-filter\">\n\t\t\t\t\t\t\t<a href=\"#\" class=\"bdt-option\" data-slug>\n\t\t\t\t\t\t\t\tV\u0161e\t\t\t\t\t\t\t<\/a>\n\t\t\t\t\t\t<\/li>\n\t\t\t\t\t\n\t\t\t\t\t\t\t\t\t\t\t<li class=\"bdt-ep-grid-filter\">\n\t\t\t\t\t\t\t<a href=\"#\" class=\"bdt-option\" data-slug=\"akce\">\n\t\t\t\t\t\t\t\tAkce\t\t\t\t\t\t\t<\/a>\n\t\t\t\t\t\t<\/li>\n\t\t\t\t\t\t\t\t\t\t\t<li class=\"bdt-ep-grid-filter\">\n\t\t\t\t\t\t\t<a href=\"#\" class=\"bdt-option\" data-slug=\"poradenstvi\">\n\t\t\t\t\t\t\t\tPoradenstv\u00ed\t\t\t\t\t\t\t<\/a>\n\t\t\t\t\t\t<\/li>\n\t\t\t\t\t\t\t\t\t\t\t<li class=\"bdt-ep-grid-filter\">\n\t\t\t\t\t\t\t<a href=\"#\" class=\"bdt-option\" data-slug=\"projekty\">\n\t\t\t\t\t\t\t\tProjekty\t\t\t\t\t\t\t<\/a>\n\t\t\t\t\t\t<\/li>\n\t\t\t\t\t\t\t\t\t\t\t<li class=\"bdt-ep-grid-filter\">\n\t\t\t\t\t\t\t<a href=\"#\" class=\"bdt-option\" data-slug=\"sdileni-elektriny\">\n\t\t\t\t\t\t\t\tSd\u00edlen\u00ed elekt\u0159iny\t\t\t\t\t\t\t<\/a>\n\t\t\t\t\t\t<\/li>\n\t\t\t\t\t\n\t\t\t\t<\/ul>\n\t\t\t<\/div>\n\n\t\t\t<ul id=\"bdt-ep-grid-filters6adc615\" class=\"bdt-ep-grid-filters bdt-visible@m\"\n\t\t\t\tdata-bdt-margin>\n\t\t\t\t<li class=\"bdt-ep-grid-filter bdt-active\">\n\t\t\t\t\t\t\t\t\t\t\t<a href=\"javascript:void(0);\" class=\"bdt-option\" data-slug>\n\t\t\t\t\t\t\tV\u0161e\t\t\t\t\t\t<\/a>\n\t\t\t\t\t\t\t\t\t<\/li>\n\n\t\t\t\t\t\t\t\t\t<li class=\"bdt-ep-grid-filter\">\n\t\t\t\t\t\t<a href=\"javascript:void(0);\" class=\"bdt-option\" data-slug=\"akce\">\n\t\t\t\t\t\t\tAkce\t\t\t\t\t\t<\/a>\n\t\t\t\t\t<\/li>\n\t\t\t\t\t\t\t\t\t<li class=\"bdt-ep-grid-filter\">\n\t\t\t\t\t\t<a href=\"javascript:void(0);\" class=\"bdt-option\" data-slug=\"poradenstvi\">\n\t\t\t\t\t\t\tPoradenstv\u00ed\t\t\t\t\t\t<\/a>\n\t\t\t\t\t<\/li>\n\t\t\t\t\t\t\t\t\t<li class=\"bdt-ep-grid-filter\">\n\t\t\t\t\t\t<a href=\"javascript:void(0);\" class=\"bdt-option\" data-slug=\"projekty\">\n\t\t\t\t\t\t\tProjekty\t\t\t\t\t\t<\/a>\n\t\t\t\t\t<\/li>\n\t\t\t\t\t\t\t\t\t<li class=\"bdt-ep-grid-filter\">\n\t\t\t\t\t\t<a href=\"javascript:void(0);\" class=\"bdt-option\" data-slug=\"sdileni-elektriny\">\n\t\t\t\t\t\t\tSd\u00edlen\u00ed elekt\u0159iny\t\t\t\t\t\t<\/a>\n\t\t\t\t\t<\/li>\n\t\t\t\t\t\t\t<\/ul>\n\t\t<\/div>\n\t\t\t\t\t<div id=\"bdt-post-gallery6adc615\" class=\"bdt-post-gallery bdt-ep-grid-filter-container bdt-post-gallery-skin-abetis bdt-grid bdt-grid-medium\" data-bdt-grid=\"\" data-settings=\"{&quot;id&quot;:&quot;#bdt-post-gallery6adc615&quot;,&quot;tilt_show&quot;:false,&quot;tilt_scale&quot;:false,&quot;taxonomy&quot;:&quot;category&quot;,&quot;post-type&quot;:&quot;post&quot;,&quot;order&quot;:&quot;desc&quot;,&quot;orderby&quot;:&quot;date&quot;,&quot;posts_per_page&quot;:24,&quot;_skin&quot;:&quot;bdt-abetis&quot;,&quot;overlay_animation&quot;:&quot;slide-top&quot;,&quot;show_excerpt&quot;:&quot;yes&quot;,&quot;show_category&quot;:&quot;yes&quot;,&quot;show_link&quot;:&quot;post&quot;,&quot;link_type&quot;:&quot;text&quot;,&quot;post_link_text&quot;:&quot;P\\u0159e\\u010d\\u00edst \\u010dl\\u00e1nek&quot;,&quot;columns&quot;:&quot;3&quot;,&quot;columns_tablet&quot;:&quot;2&quot;,&quot;columns_mobile&quot;:&quot;1&quot;,&quot;show_title&quot;:&quot;yes&quot;,&quot;show_title_link&quot;:&quot;yes&quot;,&quot;title_tag&quot;:&quot;h4&quot;,&quot;excerpt_limit&quot;:10,&quot;show_image&quot;:&quot;no&quot;,&quot;show_date&quot;:&quot;no&quot;}\">\n\n\t\t\t\t\t\t<div class=\"bdt-gallery-item bdt-transition-toggle bdt-width-1-1 bdt-width-1-2@s bdt-width-1-3@m\">\n\t\t\t<div >\n\t\t\t\t<div class=\"bdt-post-gallery-inner\">\n\t\t\t\t\t\t\t<div class=\"bdt-gallery-thumbnail\">\n\t\t\t<img fetchpriority=\"high\" decoding=\"async\" width=\"768\" height=\"576\" src=\"https:\/\/www.enerkom-plzensko.cz\/wp-content\/uploads\/2026\/03\/sian-wynn-jones-YTG6kkQweck-unsplash-768x576.jpg\" class=\"attachment-medium_large size-medium_large\" alt=\"K \u010demu SVJ pot\u0159ebuje PENB a k \u010demu renova\u010dn\u00ed pas?\u00a0\" srcset=\"https:\/\/www.enerkom-plzensko.cz\/wp-content\/uploads\/2026\/03\/sian-wynn-jones-YTG6kkQweck-unsplash-768x576.jpg 768w, https:\/\/www.enerkom-plzensko.cz\/wp-content\/uploads\/2026\/03\/sian-wynn-jones-YTG6kkQweck-unsplash-300x225.jpg 300w, https:\/\/www.enerkom-plzensko.cz\/wp-content\/uploads\/2026\/03\/sian-wynn-jones-YTG6kkQweck-unsplash-1024x768.jpg 1024w, https:\/\/www.enerkom-plzensko.cz\/wp-content\/uploads\/2026\/03\/sian-wynn-jones-YTG6kkQweck-unsplash-1536x1152.jpg 1536w, https:\/\/www.enerkom-plzensko.cz\/wp-content\/uploads\/2026\/03\/sian-wynn-jones-YTG6kkQweck-unsplash-2048x1536.jpg 2048w\" sizes=\"(max-width: 768px) 100vw, 768px\" \/>\t\t<\/div>\n\t\t\t\t<div class=\"bdt-position-cover bdt-overlay bdt-overlay-default bdt-transition-slide-top\">\n\t\t\t<div class=\"bdt-post-gallery-content\">\n\t\t\t\t<div class=\"bdt-gallery-content-inner\">\n\t\t\t\t\t\t\t\t\t\t\t<div class=\"bdt-flex-inline bdt-gallery-item-link-wrapper\">\n\t\t\t\t\t\t\t\n\t\t\t\t\t\t\t\t\t\t\t\t\t\t\t\t\t\t\t\t\t\t\t<a class=\"bdt-gallery-item-link bdt-link-text\"\n\t\t\t\t\t\t\t\t\thref=\"https:\/\/www.enerkom-plzensko.cz\/index.php\/2026\/03\/19\/k-cemu-svj-potrebuje-penb-a-k-cemu-renovacni-pas\/\" >\n\t\t\t\t\t\t\t\t\t\t\t\t\t\t\t\t\t\t\t<span>\n\t\t\t\t\t\t\t\t\t\t\tP\u0159e\u010d\u00edst \u010dl\u00e1nek\t\t\t\t\t\t\t\t\t\t<\/span>\n\t\t\t\t\t\t\t\t\t\t\t\t\t\t\t\t\t<\/a>\n\t\t\t\t\t\t\t\t\t\t\t\t\t<\/div>\n\t\t\t\t\t\t\t\t\t<\/div>\n\t\t\t<\/div>\n\t\t<\/div>\n\t\t\t\t\t\t<\/div>\n\t\t\t\t\t\t<div class=\"bdt-post-gallery-skin-abetis-desc bdt-padding-small\">\n\t\t\t\t\t<a class=\"bdt-post-gallery-title-link\" href=\"https:\/\/www.enerkom-plzensko.cz\/index.php\/2026\/03\/19\/k-cemu-svj-potrebuje-penb-a-k-cemu-renovacni-pas\/\" >\n\t\t\t<h4 class=\"bdt-gallery-item-title bdt-margin-remove\">\n\t\t\t\tK \u010demu SVJ pot\u0159ebuje PENB a k \u010demu renova\u010dn\u00ed pas?\u00a0\t\t\t<\/h4>\n\t\t<\/a>\n\t\t\t\t<div class=\"bdt-post-gallery-excerpt\">\n\t\t\t<p>Pot\u0159ebuje va\u0161e bytovka PENB nebo renova\u010dn\u00ed pas? A co to v\u016fbec je a k \u010demu v\u00e1m to bude?<\/p>\n\t\t<\/div>\n\t\t\n\t\t<\/div>\n\t\t\t\t\t<\/div>\n\t\t<\/div>\n\n\t\t\t\t<div class=\"bdt-gallery-item bdt-transition-toggle bdt-width-1-1 bdt-width-1-2@s bdt-width-1-3@m\">\n\t\t\t<div >\n\t\t\t\t<div class=\"bdt-post-gallery-inner\">\n\t\t\t\t\t\t\t<div class=\"bdt-gallery-thumbnail bdt-gallery-thumbnail\">\n\t\t\t<img decoding=\"async\" width=\"768\" height=\"512\" src=\"https:\/\/www.enerkom-plzensko.cz\/wp-content\/uploads\/2026\/03\/efe-kekikciler-pE-IxU-6X8-unsplash-768x512.jpg\" class=\"attachment-medium_large size-medium_large\" alt=\"Nov\u00e1 zelen\u00e1 \u00faspor\u00e1m po roce 2026. Co se m\u011bn\u00ed pro bytov\u00e9 domy a SVJ?\u00a0\" srcset=\"https:\/\/www.enerkom-plzensko.cz\/wp-content\/uploads\/2026\/03\/efe-kekikciler-pE-IxU-6X8-unsplash-768x512.jpg 768w, https:\/\/www.enerkom-plzensko.cz\/wp-content\/uploads\/2026\/03\/efe-kekikciler-pE-IxU-6X8-unsplash-300x200.jpg 300w, https:\/\/www.enerkom-plzensko.cz\/wp-content\/uploads\/2026\/03\/efe-kekikciler-pE-IxU-6X8-unsplash-1024x683.jpg 1024w, https:\/\/www.enerkom-plzensko.cz\/wp-content\/uploads\/2026\/03\/efe-kekikciler-pE-IxU-6X8-unsplash-1536x1024.jpg 1536w, https:\/\/www.enerkom-plzensko.cz\/wp-content\/uploads\/2026\/03\/efe-kekikciler-pE-IxU-6X8-unsplash-2048x1365.jpg 2048w\" sizes=\"(max-width: 768px) 100vw, 768px\" \/>\t\t<\/div>\n\t\t\t\t<div class=\"bdt-position-cover bdt-overlay bdt-overlay-default bdt-transition-slide-top\">\n\t\t\t<div class=\"bdt-post-gallery-content\">\n\t\t\t\t<div class=\"bdt-gallery-content-inner\">\n\t\t\t\t\t\t\t\t\t\t\t<div class=\"bdt-flex-inline bdt-gallery-item-link-wrapper\">\n\t\t\t\t\t\t\t\n\t\t\t\t\t\t\t\t\t\t\t\t\t\t\t\t\t\t\t\t\t\t\t<a class=\"bdt-gallery-item-link bdt-link-text\"\n\t\t\t\t\t\t\t\t\thref=\"https:\/\/www.enerkom-plzensko.cz\/index.php\/2026\/03\/15\/nova-zelena-usporam-po-roce-2026-co-se-meni-pro-bytove-domy-a-svj\/\" >\n\t\t\t\t\t\t\t\t\t\t\t\t\t\t\t\t\t\t\t<span>\n\t\t\t\t\t\t\t\t\t\t\tP\u0159e\u010d\u00edst \u010dl\u00e1nek\t\t\t\t\t\t\t\t\t\t<\/span>\n\t\t\t\t\t\t\t\t\t\t\t\t\t\t\t\t\t<\/a>\n\t\t\t\t\t\t\t\t\t\t\t\t\t<\/div>\n\t\t\t\t\t\t\t\t\t<\/div>\n\t\t\t<\/div>\n\t\t<\/div>\n\t\t\t\t\t\t<\/div>\n\t\t\t\t\t\t<div class=\"bdt-post-gallery-skin-abetis-desc bdt-padding-small\">\n\t\t\t\t\t<a class=\"bdt-post-gallery-title-link\" href=\"https:\/\/www.enerkom-plzensko.cz\/index.php\/2026\/03\/15\/nova-zelena-usporam-po-roce-2026-co-se-meni-pro-bytove-domy-a-svj\/\" >\n\t\t\t<h4 class=\"bdt-gallery-item-title bdt-margin-remove\">\n\t\t\t\tNov\u00e1 zelen\u00e1 \u00faspor\u00e1m po roce 2026. Co se m\u011bn\u00ed pro bytov\u00e9 domy a SVJ?\u00a0\t\t\t<\/h4>\n\t\t<\/a>\n\t\t\t\t<div class=\"bdt-post-gallery-excerpt\">\n\t\t\t<p>M\u00edsto dotac\u00ed bez\u00faro\u010dn\u00e9 \u00fav\u011bry. To a dal\u0161\u00ed zm\u011bny \u010dekaj\u00ed po roce 2026 bytov\u00e9 domy a SVJ  v oblasti energetick\u00fdch \u00faspor.<\/p>\n\t\t<\/div>\n\t\t\n\t\t<\/div>\n\t\t\t\t\t<\/div>\n\t\t<\/div>\n\n\t\t\t\t<div class=\"bdt-gallery-item bdt-transition-toggle bdt-width-1-1 bdt-width-1-2@s bdt-width-1-3@m\">\n\t\t\t<div >\n\t\t\t\t<div class=\"bdt-post-gallery-inner\">\n\t\t\t\t\t\t\t<div class=\"bdt-gallery-thumbnail bdt-gallery-thumbnail bdt-gallery-thumbnail\">\n\t\t\t<img loading=\"lazy\" decoding=\"async\" width=\"768\" height=\"587\" src=\"https:\/\/www.enerkom-plzensko.cz\/wp-content\/uploads\/2026\/02\/kulaty-stul1-768x587.jpg\" class=\"attachment-medium_large size-medium_large\" alt=\"Komplexn\u00ed renovace bytov\u00fdch dom\u016f, komunitn\u00ed vyt\u00e1p\u011bn\u00ed a realita SVJ\" srcset=\"https:\/\/www.enerkom-plzensko.cz\/wp-content\/uploads\/2026\/02\/kulaty-stul1-768x587.jpg 768w, https:\/\/www.enerkom-plzensko.cz\/wp-content\/uploads\/2026\/02\/kulaty-stul1-300x229.jpg 300w, https:\/\/www.enerkom-plzensko.cz\/wp-content\/uploads\/2026\/02\/kulaty-stul1-1024x783.jpg 1024w, https:\/\/www.enerkom-plzensko.cz\/wp-content\/uploads\/2026\/02\/kulaty-stul1-1536x1174.jpg 1536w, https:\/\/www.enerkom-plzensko.cz\/wp-content\/uploads\/2026\/02\/kulaty-stul1-2048x1566.jpg 2048w\" sizes=\"(max-width: 768px) 100vw, 768px\" \/>\t\t<\/div>\n\t\t\t\t<div class=\"bdt-position-cover bdt-overlay bdt-overlay-default bdt-transition-slide-top\">\n\t\t\t<div class=\"bdt-post-gallery-content\">\n\t\t\t\t<div class=\"bdt-gallery-content-inner\">\n\t\t\t\t\t\t\t\t\t\t\t<div class=\"bdt-flex-inline bdt-gallery-item-link-wrapper\">\n\t\t\t\t\t\t\t\n\t\t\t\t\t\t\t\t\t\t\t\t\t\t\t\t\t\t\t\t\t\t\t<a class=\"bdt-gallery-item-link bdt-link-text\"\n\t\t\t\t\t\t\t\t\thref=\"https:\/\/www.enerkom-plzensko.cz\/index.php\/2026\/02\/09\/komplexni-renovace-bytovych-domu-komunitni-vytapeni-a-realita-svj\/\" >\n\t\t\t\t\t\t\t\t\t\t\t\t\t\t\t\t\t\t\t<span>\n\t\t\t\t\t\t\t\t\t\t\tP\u0159e\u010d\u00edst \u010dl\u00e1nek\t\t\t\t\t\t\t\t\t\t<\/span>\n\t\t\t\t\t\t\t\t\t\t\t\t\t\t\t\t\t<\/a>\n\t\t\t\t\t\t\t\t\t\t\t\t\t<\/div>\n\t\t\t\t\t\t\t\t\t<\/div>\n\t\t\t<\/div>\n\t\t<\/div>\n\t\t\t\t\t\t<\/div>\n\t\t\t\t\t\t<div class=\"bdt-post-gallery-skin-abetis-desc bdt-padding-small\">\n\t\t\t\t\t<a class=\"bdt-post-gallery-title-link\" href=\"https:\/\/www.enerkom-plzensko.cz\/index.php\/2026\/02\/09\/komplexni-renovace-bytovych-domu-komunitni-vytapeni-a-realita-svj\/\" >\n\t\t\t<h4 class=\"bdt-gallery-item-title bdt-margin-remove\">\n\t\t\t\tKomplexn\u00ed renovace bytov\u00fdch dom\u016f, komunitn\u00ed vyt\u00e1p\u011bn\u00ed a realita SVJ\t\t\t<\/h4>\n\t\t<\/a>\n\t\t\t\t<div class=\"bdt-post-gallery-excerpt\">\n\t\t\t<p>P\u0159e\u010dt\u011bte si pozn\u00e1mky na\u0161\u00ed p\u0159edsedkyn\u011b Andrey Kubern\u00e1tov\u00e9 z debaty o renovac\u00edch bytov\u00fdch dom\u016f, kterou facilitovala v pra\u017esk\u00e9m CAMPu.<\/p>\n\t\t<\/div>\n\t\t\n\t\t<\/div>\n\t\t\t\t\t<\/div>\n\t\t<\/div>\n\n\t\t\t\t<div class=\"bdt-gallery-item bdt-transition-toggle bdt-width-1-1 bdt-width-1-2@s bdt-width-1-3@m\">\n\t\t\t<div >\n\t\t\t\t<div class=\"bdt-post-gallery-inner\">\n\t\t\t\t\t\t\t<div class=\"bdt-gallery-thumbnail bdt-gallery-thumbnail bdt-gallery-thumbnail bdt-gallery-thumbnail\">\n\t\t\t<img loading=\"lazy\" decoding=\"async\" width=\"768\" height=\"576\" src=\"https:\/\/www.enerkom-plzensko.cz\/wp-content\/uploads\/2026\/01\/DJI_20260111125954_0017_V-768x576.jpg\" class=\"attachment-medium_large size-medium_large\" alt=\"Jak si ENERKOM Plze\u0148sko vedl v roce 2025 a co n\u00e1s \u010dek\u00e1 v budoucnu?\" srcset=\"https:\/\/www.enerkom-plzensko.cz\/wp-content\/uploads\/2026\/01\/DJI_20260111125954_0017_V-768x576.jpg 768w, https:\/\/www.enerkom-plzensko.cz\/wp-content\/uploads\/2026\/01\/DJI_20260111125954_0017_V-300x225.jpg 300w, https:\/\/www.enerkom-plzensko.cz\/wp-content\/uploads\/2026\/01\/DJI_20260111125954_0017_V-1024x768.jpg 1024w, https:\/\/www.enerkom-plzensko.cz\/wp-content\/uploads\/2026\/01\/DJI_20260111125954_0017_V-1536x1152.jpg 1536w, https:\/\/www.enerkom-plzensko.cz\/wp-content\/uploads\/2026\/01\/DJI_20260111125954_0017_V-2048x1536.jpg 2048w\" sizes=\"(max-width: 768px) 100vw, 768px\" \/>\t\t<\/div>\n\t\t\t\t<div class=\"bdt-position-cover bdt-overlay bdt-overlay-default bdt-transition-slide-top\">\n\t\t\t<div class=\"bdt-post-gallery-content\">\n\t\t\t\t<div class=\"bdt-gallery-content-inner\">\n\t\t\t\t\t\t\t\t\t\t\t<div class=\"bdt-flex-inline bdt-gallery-item-link-wrapper\">\n\t\t\t\t\t\t\t\n\t\t\t\t\t\t\t\t\t\t\t\t\t\t\t\t\t\t\t\t\t\t\t<a class=\"bdt-gallery-item-link bdt-link-text\"\n\t\t\t\t\t\t\t\t\thref=\"https:\/\/www.enerkom-plzensko.cz\/index.php\/2026\/01\/25\/jak-si-enerkom-plzensko-vedl-v-roce-2025-a-co-nas-ceka-v-budoucnu\/\" >\n\t\t\t\t\t\t\t\t\t\t\t\t\t\t\t\t\t\t\t<span>\n\t\t\t\t\t\t\t\t\t\t\tP\u0159e\u010d\u00edst \u010dl\u00e1nek\t\t\t\t\t\t\t\t\t\t<\/span>\n\t\t\t\t\t\t\t\t\t\t\t\t\t\t\t\t\t<\/a>\n\t\t\t\t\t\t\t\t\t\t\t\t\t<\/div>\n\t\t\t\t\t\t\t\t\t<\/div>\n\t\t\t<\/div>\n\t\t<\/div>\n\t\t\t\t\t\t<\/div>\n\t\t\t\t\t\t<div class=\"bdt-post-gallery-skin-abetis-desc bdt-padding-small\">\n\t\t\t\t\t<a class=\"bdt-post-gallery-title-link\" href=\"https:\/\/www.enerkom-plzensko.cz\/index.php\/2026\/01\/25\/jak-si-enerkom-plzensko-vedl-v-roce-2025-a-co-nas-ceka-v-budoucnu\/\" >\n\t\t\t<h4 class=\"bdt-gallery-item-title bdt-margin-remove\">\n\t\t\t\tJak si ENERKOM Plze\u0148sko vedl v roce 2025 a co n\u00e1s \u010dek\u00e1 v budoucnu?\t\t\t<\/h4>\n\t\t<\/a>\n\t\t\t\t<div class=\"bdt-post-gallery-excerpt\">\n\t\t\t<p>Komunitn\u00ed energetika se bude v budoucnu l\u00e1mat v jedn\u00e9 v\u011bci: jestli um\u00ed p\u0159in\u00e9st m\u011b\u0159iteln\u00fd p\u0159\u00ednos obci a jej\u00edm obyvatel\u016fm. V ENERKOM Plze\u0148sko proto sb\u00edr\u00e1me zku\u0161enosti z re\u00e1ln\u00e9ho provozu v energetick\u00e9m spole\u010denstv\u00ed ve Zb\u016fchu. A co jsme zjistili? Do\u010dtete se v \u010dl\u00e1nku.<\/p>\n\t\t<\/div>\n\t\t\n\t\t<\/div>\n\t\t\t\t\t<\/div>\n\t\t<\/div>\n\n\t\t\t\t<div class=\"bdt-gallery-item bdt-transition-toggle bdt-width-1-1 bdt-width-1-2@s bdt-width-1-3@m\">\n\t\t\t<div >\n\t\t\t\t<div class=\"bdt-post-gallery-inner\">\n\t\t\t\t\t\t\t<div class=\"bdt-gallery-thumbnail bdt-gallery-thumbnail bdt-gallery-thumbnail bdt-gallery-thumbnail bdt-gallery-thumbnail\">\n\t\t\t<img loading=\"lazy\" decoding=\"async\" width=\"768\" height=\"575\" src=\"https:\/\/www.enerkom-plzensko.cz\/wp-content\/uploads\/2025\/10\/energofest2-768x575.jpeg\" class=\"attachment-medium_large size-medium_large\" alt=\"Co p\u0159inesl ENERGOFest 2025? Probl\u00e9my, kter\u00e9 zn\u00e1me, i nov\u00e1 \u0159e\u0161en\u00ed, kter\u00e1 d\u00e1vaj\u00ed smysl\" srcset=\"https:\/\/www.enerkom-plzensko.cz\/wp-content\/uploads\/2025\/10\/energofest2-768x575.jpeg 768w, https:\/\/www.enerkom-plzensko.cz\/wp-content\/uploads\/2025\/10\/energofest2-300x225.jpeg 300w, https:\/\/www.enerkom-plzensko.cz\/wp-content\/uploads\/2025\/10\/energofest2-1024x767.jpeg 1024w, https:\/\/www.enerkom-plzensko.cz\/wp-content\/uploads\/2025\/10\/energofest2.jpeg 1200w\" sizes=\"(max-width: 768px) 100vw, 768px\" \/>\t\t<\/div>\n\t\t\t\t<div class=\"bdt-position-cover bdt-overlay bdt-overlay-default bdt-transition-slide-top\">\n\t\t\t<div class=\"bdt-post-gallery-content\">\n\t\t\t\t<div class=\"bdt-gallery-content-inner\">\n\t\t\t\t\t\t\t\t\t\t\t<div class=\"bdt-flex-inline bdt-gallery-item-link-wrapper\">\n\t\t\t\t\t\t\t\n\t\t\t\t\t\t\t\t\t\t\t\t\t\t\t\t\t\t\t\t\t\t\t<a class=\"bdt-gallery-item-link bdt-link-text\"\n\t\t\t\t\t\t\t\t\thref=\"https:\/\/www.enerkom-plzensko.cz\/index.php\/2025\/10\/25\/co-prinesl-energofest-2025-problemy-ktere-zname-i-nova-reseni-ktera-davaji-smysl\/\" >\n\t\t\t\t\t\t\t\t\t\t\t\t\t\t\t\t\t\t\t<span>\n\t\t\t\t\t\t\t\t\t\t\tP\u0159e\u010d\u00edst \u010dl\u00e1nek\t\t\t\t\t\t\t\t\t\t<\/span>\n\t\t\t\t\t\t\t\t\t\t\t\t\t\t\t\t\t<\/a>\n\t\t\t\t\t\t\t\t\t\t\t\t\t<\/div>\n\t\t\t\t\t\t\t\t\t<\/div>\n\t\t\t<\/div>\n\t\t<\/div>\n\t\t\t\t\t\t<\/div>\n\t\t\t\t\t\t<div class=\"bdt-post-gallery-skin-abetis-desc bdt-padding-small\">\n\t\t\t\t\t<a class=\"bdt-post-gallery-title-link\" href=\"https:\/\/www.enerkom-plzensko.cz\/index.php\/2025\/10\/25\/co-prinesl-energofest-2025-problemy-ktere-zname-i-nova-reseni-ktera-davaji-smysl\/\" >\n\t\t\t<h4 class=\"bdt-gallery-item-title bdt-margin-remove\">\n\t\t\t\tCo p\u0159inesl ENERGOFest 2025? Probl\u00e9my, kter\u00e9 zn\u00e1me, i nov\u00e1 \u0159e\u0161en\u00ed, kter\u00e1 d\u00e1vaj\u00ed smysl\t\t\t<\/h4>\n\t\t<\/a>\n\t\t\t\t<div class=\"bdt-post-gallery-excerpt\">\n\t\t\t<p>Energetick\u00e1 spole\u010denstv\u00ed nejl\u00e9pe znaj\u00ed sv\u00e9 lidi i sv\u00e9 mo\u017enosti. ENERGOFest 2025 uk\u00e1zal, \u017ee regiony jsou p\u0159ipraven\u00e9 m\u011bnit energetiku k lep\u0161\u00edmu \u2013 pokud dostanou d\u016fv\u011bru a prostor od t\u011bch, kte\u0159\u00ed o pravidlech rozhoduj\u00ed.<\/p>\n\t\t<\/div>\n\t\t\n\t\t<\/div>\n\t\t\t\t\t<\/div>\n\t\t<\/div>\n\n\t\t\t\t<div class=\"bdt-gallery-item bdt-transition-toggle bdt-width-1-1 bdt-width-1-2@s bdt-width-1-3@m\">\n\t\t\t<div >\n\t\t\t\t<div class=\"bdt-post-gallery-inner\">\n\t\t\t\t\t\t\t<div class=\"bdt-gallery-thumbnail bdt-gallery-thumbnail bdt-gallery-thumbnail bdt-gallery-thumbnail bdt-gallery-thumbnail bdt-gallery-thumbnail\">\n\t\t\t<img loading=\"lazy\" decoding=\"async\" width=\"768\" height=\"625\" src=\"https:\/\/www.enerkom-plzensko.cz\/wp-content\/uploads\/2025\/10\/CRo-768x625.jpg\" class=\"attachment-medium_large size-medium_large\" alt=\"ENERKOM v report\u00e1\u017ei \u010cesk\u00e9ho rozhlasu\" srcset=\"https:\/\/www.enerkom-plzensko.cz\/wp-content\/uploads\/2025\/10\/CRo-768x625.jpg 768w, https:\/\/www.enerkom-plzensko.cz\/wp-content\/uploads\/2025\/10\/CRo-300x244.jpg 300w, https:\/\/www.enerkom-plzensko.cz\/wp-content\/uploads\/2025\/10\/CRo-1024x833.jpg 1024w, https:\/\/www.enerkom-plzensko.cz\/wp-content\/uploads\/2025\/10\/CRo-1536x1250.jpg 1536w, https:\/\/www.enerkom-plzensko.cz\/wp-content\/uploads\/2025\/10\/CRo.jpg 2048w\" sizes=\"(max-width: 768px) 100vw, 768px\" \/>\t\t<\/div>\n\t\t\t\t<div class=\"bdt-position-cover bdt-overlay bdt-overlay-default bdt-transition-slide-top\">\n\t\t\t<div class=\"bdt-post-gallery-content\">\n\t\t\t\t<div class=\"bdt-gallery-content-inner\">\n\t\t\t\t\t\t\t\t\t\t\t<div class=\"bdt-flex-inline bdt-gallery-item-link-wrapper\">\n\t\t\t\t\t\t\t\n\t\t\t\t\t\t\t\t\t\t\t\t\t\t\t\t\t\t\t\t\t\t\t<a class=\"bdt-gallery-item-link bdt-link-text\"\n\t\t\t\t\t\t\t\t\thref=\"https:\/\/www.enerkom-plzensko.cz\/index.php\/2025\/10\/12\/enerkom-v-reportazi-ceskeho-rozhlasu\/\" >\n\t\t\t\t\t\t\t\t\t\t\t\t\t\t\t\t\t\t\t<span>\n\t\t\t\t\t\t\t\t\t\t\tP\u0159e\u010d\u00edst \u010dl\u00e1nek\t\t\t\t\t\t\t\t\t\t<\/span>\n\t\t\t\t\t\t\t\t\t\t\t\t\t\t\t\t\t<\/a>\n\t\t\t\t\t\t\t\t\t\t\t\t\t<\/div>\n\t\t\t\t\t\t\t\t\t<\/div>\n\t\t\t<\/div>\n\t\t<\/div>\n\t\t\t\t\t\t<\/div>\n\t\t\t\t\t\t<div class=\"bdt-post-gallery-skin-abetis-desc bdt-padding-small\">\n\t\t\t\t\t<a class=\"bdt-post-gallery-title-link\" href=\"https:\/\/www.enerkom-plzensko.cz\/index.php\/2025\/10\/12\/enerkom-v-reportazi-ceskeho-rozhlasu\/\" >\n\t\t\t<h4 class=\"bdt-gallery-item-title bdt-margin-remove\">\n\t\t\t\tENERKOM v report\u00e1\u017ei \u010cesk\u00e9ho rozhlasu\t\t\t<\/h4>\n\t\t<\/a>\n\t\t\t\t<div class=\"bdt-post-gallery-excerpt\">\n\t\t\t<p>V \u010dervenci n\u00e1s nav\u0161t\u00edvil report\u00e9r \u010cesk\u00e9ho rozhlasu Jan Kaliba, pov\u00eddali jsme si s n\u00edm o komunitn\u00ed energetice, pr\u00e1ci energetick\u00e9ho poradce a hlavn\u011b o tom, jak\u00e9 m\u00e1me zku\u0161enosti s komunikac\u00ed s ob\u010dany.\u00a0<\/p>\n\t\t<\/div>\n\t\t\n\t\t<\/div>\n\t\t\t\t\t<\/div>\n\t\t<\/div>\n\n\t\t\t\t<div class=\"bdt-gallery-item bdt-transition-toggle bdt-width-1-1 bdt-width-1-2@s bdt-width-1-3@m\">\n\t\t\t<div >\n\t\t\t\t<div class=\"bdt-post-gallery-inner\">\n\t\t\t\t\t\t\t<div class=\"bdt-gallery-thumbnail bdt-gallery-thumbnail bdt-gallery-thumbnail bdt-gallery-thumbnail bdt-gallery-thumbnail bdt-gallery-thumbnail bdt-gallery-thumbnail\">\n\t\t\t<img loading=\"lazy\" decoding=\"async\" width=\"768\" height=\"576\" src=\"https:\/\/www.enerkom-plzensko.cz\/wp-content\/uploads\/2025\/10\/Tyrolsko-spolecna-768x576.jpg\" class=\"attachment-medium_large size-medium_large\" alt=\"U\u017e 2 roky ENERKOM Plze\u0148sko spojuje lidi nejen sd\u00edlenou energi\u00ed. P\u0159ipome\u0148te si, co jsme zat\u00edm zvl\u00e1dli.\" srcset=\"https:\/\/www.enerkom-plzensko.cz\/wp-content\/uploads\/2025\/10\/Tyrolsko-spolecna-768x576.jpg 768w, https:\/\/www.enerkom-plzensko.cz\/wp-content\/uploads\/2025\/10\/Tyrolsko-spolecna-300x225.jpg 300w, https:\/\/www.enerkom-plzensko.cz\/wp-content\/uploads\/2025\/10\/Tyrolsko-spolecna-1024x768.jpg 1024w, https:\/\/www.enerkom-plzensko.cz\/wp-content\/uploads\/2025\/10\/Tyrolsko-spolecna-1536x1152.jpg 1536w, https:\/\/www.enerkom-plzensko.cz\/wp-content\/uploads\/2025\/10\/Tyrolsko-spolecna.jpg 1800w\" sizes=\"(max-width: 768px) 100vw, 768px\" \/>\t\t<\/div>\n\t\t\t\t<div class=\"bdt-position-cover bdt-overlay bdt-overlay-default bdt-transition-slide-top\">\n\t\t\t<div class=\"bdt-post-gallery-content\">\n\t\t\t\t<div class=\"bdt-gallery-content-inner\">\n\t\t\t\t\t\t\t\t\t\t\t<div class=\"bdt-flex-inline bdt-gallery-item-link-wrapper\">\n\t\t\t\t\t\t\t\n\t\t\t\t\t\t\t\t\t\t\t\t\t\t\t\t\t\t\t\t\t\t\t<a class=\"bdt-gallery-item-link bdt-link-text\"\n\t\t\t\t\t\t\t\t\thref=\"https:\/\/www.enerkom-plzensko.cz\/index.php\/2025\/10\/05\/uz-2-roky-enerkom-plzensko-spojuje-lidi-nejen-sdilenou-energii-pripomente-si-co-jsme-zatim-zvladli\/\" >\n\t\t\t\t\t\t\t\t\t\t\t\t\t\t\t\t\t\t\t<span>\n\t\t\t\t\t\t\t\t\t\t\tP\u0159e\u010d\u00edst \u010dl\u00e1nek\t\t\t\t\t\t\t\t\t\t<\/span>\n\t\t\t\t\t\t\t\t\t\t\t\t\t\t\t\t\t<\/a>\n\t\t\t\t\t\t\t\t\t\t\t\t\t<\/div>\n\t\t\t\t\t\t\t\t\t<\/div>\n\t\t\t<\/div>\n\t\t<\/div>\n\t\t\t\t\t\t<\/div>\n\t\t\t\t\t\t<div class=\"bdt-post-gallery-skin-abetis-desc bdt-padding-small\">\n\t\t\t\t\t<a class=\"bdt-post-gallery-title-link\" href=\"https:\/\/www.enerkom-plzensko.cz\/index.php\/2025\/10\/05\/uz-2-roky-enerkom-plzensko-spojuje-lidi-nejen-sdilenou-energii-pripomente-si-co-jsme-zatim-zvladli\/\" >\n\t\t\t<h4 class=\"bdt-gallery-item-title bdt-margin-remove\">\n\t\t\t\tU\u017e 2 roky ENERKOM Plze\u0148sko spojuje lidi nejen sd\u00edlenou energi\u00ed. P\u0159ipome\u0148te si, co jsme zat\u00edm zvl\u00e1dli.\t\t\t<\/h4>\n\t\t<\/a>\n\t\t\t\t<div class=\"bdt-post-gallery-excerpt\">\n\t\t\t<p>V\u00edte, \u017ee dnes jsou to pr\u00e1v\u011b 2 roky, co jsme zalo\u017eili ENERKOM Plze\u0148sko? Za ty uplynul\u00e9 roky jsme toho leccos stihli, tak budeme r\u00e1di, kdy\u017e si s n\u00e1mi p\u0159ipomenete v\u00fdznamn\u00e9 ud\u00e1losti.<\/p>\n\t\t<\/div>\n\t\t\n\t\t<\/div>\n\t\t\t\t\t<\/div>\n\t\t<\/div>\n\n\t\t\t\t<div class=\"bdt-gallery-item bdt-transition-toggle bdt-width-1-1 bdt-width-1-2@s bdt-width-1-3@m\">\n\t\t\t<div >\n\t\t\t\t<div class=\"bdt-post-gallery-inner\">\n\t\t\t\t\t\t\t<div class=\"bdt-gallery-thumbnail bdt-gallery-thumbnail bdt-gallery-thumbnail bdt-gallery-thumbnail bdt-gallery-thumbnail bdt-gallery-thumbnail bdt-gallery-thumbnail bdt-gallery-thumbnail\">\n\t\t\t<img loading=\"lazy\" decoding=\"async\" width=\"768\" height=\"512\" src=\"https:\/\/www.enerkom-plzensko.cz\/wp-content\/uploads\/2025\/08\/a1a16133-5bf1-49a4-ad71-9919ba0baa75-768x512.jpeg\" class=\"attachment-medium_large size-medium_large\" alt=\"Za dobrou prax\u00ed do Ji\u017en\u00edho Tyrolska\" srcset=\"https:\/\/www.enerkom-plzensko.cz\/wp-content\/uploads\/2025\/08\/a1a16133-5bf1-49a4-ad71-9919ba0baa75-768x512.jpeg 768w, https:\/\/www.enerkom-plzensko.cz\/wp-content\/uploads\/2025\/08\/a1a16133-5bf1-49a4-ad71-9919ba0baa75-300x200.jpeg 300w, https:\/\/www.enerkom-plzensko.cz\/wp-content\/uploads\/2025\/08\/a1a16133-5bf1-49a4-ad71-9919ba0baa75-1024x683.jpeg 1024w, https:\/\/www.enerkom-plzensko.cz\/wp-content\/uploads\/2025\/08\/a1a16133-5bf1-49a4-ad71-9919ba0baa75-1536x1025.jpeg 1536w, https:\/\/www.enerkom-plzensko.cz\/wp-content\/uploads\/2025\/08\/a1a16133-5bf1-49a4-ad71-9919ba0baa75.jpeg 1619w\" sizes=\"(max-width: 768px) 100vw, 768px\" \/>\t\t<\/div>\n\t\t\t\t<div class=\"bdt-position-cover bdt-overlay bdt-overlay-default bdt-transition-slide-top\">\n\t\t\t<div class=\"bdt-post-gallery-content\">\n\t\t\t\t<div class=\"bdt-gallery-content-inner\">\n\t\t\t\t\t\t\t\t\t\t\t<div class=\"bdt-flex-inline bdt-gallery-item-link-wrapper\">\n\t\t\t\t\t\t\t\n\t\t\t\t\t\t\t\t\t\t\t\t\t\t\t\t\t\t\t\t\t\t\t<a class=\"bdt-gallery-item-link bdt-link-text\"\n\t\t\t\t\t\t\t\t\thref=\"https:\/\/www.enerkom-plzensko.cz\/index.php\/2025\/08\/25\/za-dobrou-praxi-do-jizniho-tyrolska\/\" >\n\t\t\t\t\t\t\t\t\t\t\t\t\t\t\t\t\t\t\t<span>\n\t\t\t\t\t\t\t\t\t\t\tP\u0159e\u010d\u00edst \u010dl\u00e1nek\t\t\t\t\t\t\t\t\t\t<\/span>\n\t\t\t\t\t\t\t\t\t\t\t\t\t\t\t\t\t<\/a>\n\t\t\t\t\t\t\t\t\t\t\t\t\t<\/div>\n\t\t\t\t\t\t\t\t\t<\/div>\n\t\t\t<\/div>\n\t\t<\/div>\n\t\t\t\t\t\t<\/div>\n\t\t\t\t\t\t<div class=\"bdt-post-gallery-skin-abetis-desc bdt-padding-small\">\n\t\t\t\t\t<a class=\"bdt-post-gallery-title-link\" href=\"https:\/\/www.enerkom-plzensko.cz\/index.php\/2025\/08\/25\/za-dobrou-praxi-do-jizniho-tyrolska\/\" >\n\t\t\t<h4 class=\"bdt-gallery-item-title bdt-margin-remove\">\n\t\t\t\tZa dobrou prax\u00ed do Ji\u017en\u00edho Tyrolska\t\t\t<\/h4>\n\t\t<\/a>\n\t\t\t\t<div class=\"bdt-post-gallery-excerpt\">\n\t\t\t<p>Ve dnech 19.\u201323. kv\u011btna 2025 jsme jako ENERKOM Plze\u0148sko, z.s., uspo\u0159\u00e1dali odbornou exkurzi do Ji\u017en\u00edho Tyrolska, a to pod z\u00e1\u0161titou Celost\u00e1tn\u00ed s\u00edt\u011b pro venkov.<\/p>\n\t\t<\/div>\n\t\t\n\t\t<\/div>\n\t\t\t\t\t<\/div>\n\t\t<\/div>\n\n\t\t\t\t<div class=\"bdt-gallery-item bdt-transition-toggle bdt-width-1-1 bdt-width-1-2@s bdt-width-1-3@m\">\n\t\t\t<div >\n\t\t\t\t<div class=\"bdt-post-gallery-inner\">\n\t\t\t\t\t\t\t<div class=\"bdt-gallery-thumbnail bdt-gallery-thumbnail bdt-gallery-thumbnail bdt-gallery-thumbnail bdt-gallery-thumbnail bdt-gallery-thumbnail bdt-gallery-thumbnail bdt-gallery-thumbnail bdt-gallery-thumbnail\">\n\t\t\t<img loading=\"lazy\" decoding=\"async\" width=\"602\" height=\"401\" src=\"https:\/\/www.enerkom-plzensko.cz\/wp-content\/uploads\/2025\/08\/Za-dobrou-praxi-do-Cech-a-na-Slovensko-1.jpg\" class=\"attachment-medium_large size-medium_large\" alt=\"Za dobrou prax\u00ed do \u010cech a na Slovensko\" srcset=\"https:\/\/www.enerkom-plzensko.cz\/wp-content\/uploads\/2025\/08\/Za-dobrou-praxi-do-Cech-a-na-Slovensko-1.jpg 602w, https:\/\/www.enerkom-plzensko.cz\/wp-content\/uploads\/2025\/08\/Za-dobrou-praxi-do-Cech-a-na-Slovensko-1-300x200.jpg 300w\" sizes=\"(max-width: 602px) 100vw, 602px\" \/>\t\t<\/div>\n\t\t\t\t<div class=\"bdt-position-cover bdt-overlay bdt-overlay-default bdt-transition-slide-top\">\n\t\t\t<div class=\"bdt-post-gallery-content\">\n\t\t\t\t<div class=\"bdt-gallery-content-inner\">\n\t\t\t\t\t\t\t\t\t\t\t<div class=\"bdt-flex-inline bdt-gallery-item-link-wrapper\">\n\t\t\t\t\t\t\t\n\t\t\t\t\t\t\t\t\t\t\t\t\t\t\t\t\t\t\t\t\t\t\t<a class=\"bdt-gallery-item-link bdt-link-text\"\n\t\t\t\t\t\t\t\t\thref=\"https:\/\/www.enerkom-plzensko.cz\/index.php\/2025\/08\/07\/za-dobrou-praxi-do-cech-a-na-slovensko\/\" >\n\t\t\t\t\t\t\t\t\t\t\t\t\t\t\t\t\t\t\t<span>\n\t\t\t\t\t\t\t\t\t\t\tP\u0159e\u010d\u00edst \u010dl\u00e1nek\t\t\t\t\t\t\t\t\t\t<\/span>\n\t\t\t\t\t\t\t\t\t\t\t\t\t\t\t\t\t<\/a>\n\t\t\t\t\t\t\t\t\t\t\t\t\t<\/div>\n\t\t\t\t\t\t\t\t\t<\/div>\n\t\t\t<\/div>\n\t\t<\/div>\n\t\t\t\t\t\t<\/div>\n\t\t\t\t\t\t<div class=\"bdt-post-gallery-skin-abetis-desc bdt-padding-small\">\n\t\t\t\t\t<a class=\"bdt-post-gallery-title-link\" href=\"https:\/\/www.enerkom-plzensko.cz\/index.php\/2025\/08\/07\/za-dobrou-praxi-do-cech-a-na-slovensko\/\" >\n\t\t\t<h4 class=\"bdt-gallery-item-title bdt-margin-remove\">\n\t\t\t\tZa dobrou prax\u00ed do \u010cech a na Slovensko\t\t\t<\/h4>\n\t\t<\/a>\n\t\t\t\t<div class=\"bdt-post-gallery-excerpt\">\n\t\t\t<p>Ve dnech 21. 5. 2024 a\u017e 24. 5. 2024 po\u0159\u00e1dal ENERKOM Plze\u0148sko, z.s. pod z\u00e1\u0161titou Celost\u00e1tn\u00ed s\u00edt\u011b pro venkov \u010dty\u0159denn\u00ed exkurzi s n\u00e1zvem \u201eZa dobrou prax\u00ed do \u010cech a na Slovensko\u201c. <\/p>\n\t\t<\/div>\n\t\t\n\t\t<\/div>\n\t\t\t\t\t<\/div>\n\t\t<\/div>\n\n\t\t\t\t<div class=\"bdt-gallery-item bdt-transition-toggle bdt-width-1-1 bdt-width-1-2@s bdt-width-1-3@m\">\n\t\t\t<div >\n\t\t\t\t<div class=\"bdt-post-gallery-inner\">\n\t\t\t\t\t\t\t<div class=\"bdt-gallery-thumbnail bdt-gallery-thumbnail bdt-gallery-thumbnail bdt-gallery-thumbnail bdt-gallery-thumbnail bdt-gallery-thumbnail bdt-gallery-thumbnail bdt-gallery-thumbnail bdt-gallery-thumbnail bdt-gallery-thumbnail\">\n\t\t\t<img loading=\"lazy\" decoding=\"async\" width=\"602\" height=\"351\" src=\"https:\/\/www.enerkom-plzensko.cz\/wp-content\/uploads\/2025\/08\/ENERKOM-Zbuch-1.png\" class=\"attachment-medium_large size-medium_large\" alt=\"ENERKOM Zb\u016fch\" srcset=\"https:\/\/www.enerkom-plzensko.cz\/wp-content\/uploads\/2025\/08\/ENERKOM-Zbuch-1.png 602w, https:\/\/www.enerkom-plzensko.cz\/wp-content\/uploads\/2025\/08\/ENERKOM-Zbuch-1-300x175.png 300w\" sizes=\"(max-width: 602px) 100vw, 602px\" \/>\t\t<\/div>\n\t\t\t\t<div class=\"bdt-position-cover bdt-overlay bdt-overlay-default bdt-transition-slide-top\">\n\t\t\t<div class=\"bdt-post-gallery-content\">\n\t\t\t\t<div class=\"bdt-gallery-content-inner\">\n\t\t\t\t\t\t\t\t\t\t\t<div class=\"bdt-flex-inline bdt-gallery-item-link-wrapper\">\n\t\t\t\t\t\t\t\n\t\t\t\t\t\t\t\t\t\t\t\t\t\t\t\t\t\t\t\t\t\t\t<a class=\"bdt-gallery-item-link bdt-link-text\"\n\t\t\t\t\t\t\t\t\thref=\"https:\/\/www.enerkom-plzensko.cz\/index.php\/2025\/08\/06\/enerkom-zbuch\/\" >\n\t\t\t\t\t\t\t\t\t\t\t\t\t\t\t\t\t\t\t<span>\n\t\t\t\t\t\t\t\t\t\t\tP\u0159e\u010d\u00edst \u010dl\u00e1nek\t\t\t\t\t\t\t\t\t\t<\/span>\n\t\t\t\t\t\t\t\t\t\t\t\t\t\t\t\t\t<\/a>\n\t\t\t\t\t\t\t\t\t\t\t\t\t<\/div>\n\t\t\t\t\t\t\t\t\t<\/div>\n\t\t\t<\/div>\n\t\t<\/div>\n\t\t\t\t\t\t<\/div>\n\t\t\t\t\t\t<div class=\"bdt-post-gallery-skin-abetis-desc bdt-padding-small\">\n\t\t\t\t\t<a class=\"bdt-post-gallery-title-link\" href=\"https:\/\/www.enerkom-plzensko.cz\/index.php\/2025\/08\/06\/enerkom-zbuch\/\" >\n\t\t\t<h4 class=\"bdt-gallery-item-title bdt-margin-remove\">\n\t\t\t\tENERKOM Zb\u016fch\t\t\t<\/h4>\n\t\t<\/a>\n\t\t\t\t<div class=\"bdt-post-gallery-excerpt\">\n\t\t\t<p>Spole\u010dn\u011b s obc\u00ed Zb\u016fch realizujeme pilotn\u00ed projekt energetick\u00e9ho spole\u010denstv\u00ed, jeho\u017e c\u00edlem je sn\u00ed\u017eit n\u00e1klady na energie a zv\u00fd\u0161it m\u00edstn\u00ed energetickou sob\u011bsta\u010dnost.<\/p>\n\t\t<\/div>\n\t\t\n\t\t<\/div>\n\t\t\t\t\t<\/div>\n\t\t<\/div>\n\n\t\t\t\t<div class=\"bdt-gallery-item bdt-transition-toggle bdt-width-1-1 bdt-width-1-2@s bdt-width-1-3@m\">\n\t\t\t<div >\n\t\t\t\t<div class=\"bdt-post-gallery-inner\">\n\t\t\t\t\t\t\t<div class=\"bdt-gallery-thumbnail bdt-gallery-thumbnail bdt-gallery-thumbnail bdt-gallery-thumbnail bdt-gallery-thumbnail bdt-gallery-thumbnail bdt-gallery-thumbnail bdt-gallery-thumbnail bdt-gallery-thumbnail bdt-gallery-thumbnail bdt-gallery-thumbnail\">\n\t\t\t<img loading=\"lazy\" decoding=\"async\" width=\"472\" height=\"354\" src=\"https:\/\/www.enerkom-plzensko.cz\/wp-content\/uploads\/2025\/08\/sdileni-elektriny-1.jpg\" class=\"attachment-medium_large size-medium_large\" alt=\"Sd\u00edlen\u00ed elekt\u0159iny v bytov\u00e9m dom\u011b v praxi\" srcset=\"https:\/\/www.enerkom-plzensko.cz\/wp-content\/uploads\/2025\/08\/sdileni-elektriny-1.jpg 472w, https:\/\/www.enerkom-plzensko.cz\/wp-content\/uploads\/2025\/08\/sdileni-elektriny-1-300x225.jpg 300w\" sizes=\"(max-width: 472px) 100vw, 472px\" \/>\t\t<\/div>\n\t\t\t\t<div class=\"bdt-position-cover bdt-overlay bdt-overlay-default bdt-transition-slide-top\">\n\t\t\t<div class=\"bdt-post-gallery-content\">\n\t\t\t\t<div class=\"bdt-gallery-content-inner\">\n\t\t\t\t\t\t\t\t\t\t\t<div class=\"bdt-flex-inline bdt-gallery-item-link-wrapper\">\n\t\t\t\t\t\t\t\n\t\t\t\t\t\t\t\t\t\t\t\t\t\t\t\t\t\t\t\t\t\t\t<a class=\"bdt-gallery-item-link bdt-link-text\"\n\t\t\t\t\t\t\t\t\thref=\"https:\/\/www.enerkom-plzensko.cz\/index.php\/2025\/08\/06\/sdileni-elektriny-v-bytovem-dome-v-praxi\/\" >\n\t\t\t\t\t\t\t\t\t\t\t\t\t\t\t\t\t\t\t<span>\n\t\t\t\t\t\t\t\t\t\t\tP\u0159e\u010d\u00edst \u010dl\u00e1nek\t\t\t\t\t\t\t\t\t\t<\/span>\n\t\t\t\t\t\t\t\t\t\t\t\t\t\t\t\t\t<\/a>\n\t\t\t\t\t\t\t\t\t\t\t\t\t<\/div>\n\t\t\t\t\t\t\t\t\t<\/div>\n\t\t\t<\/div>\n\t\t<\/div>\n\t\t\t\t\t\t<\/div>\n\t\t\t\t\t\t<div class=\"bdt-post-gallery-skin-abetis-desc bdt-padding-small\">\n\t\t\t\t\t<a class=\"bdt-post-gallery-title-link\" href=\"https:\/\/www.enerkom-plzensko.cz\/index.php\/2025\/08\/06\/sdileni-elektriny-v-bytovem-dome-v-praxi\/\" >\n\t\t\t<h4 class=\"bdt-gallery-item-title bdt-margin-remove\">\n\t\t\t\tSd\u00edlen\u00ed elekt\u0159iny v bytov\u00e9m dom\u011b v praxi\t\t\t<\/h4>\n\t\t<\/a>\n\t\t\t\t<div class=\"bdt-post-gallery-excerpt\">\n\t\t\t<p>Od roku 2023 spolupracujeme s majitelem bytov\u00e9ho domu na projektu sd\u00edlen\u00ed elekt\u0159iny, jeho\u017e c\u00edlem je spravedliv\u011b rozd\u011blit a roz\u00fa\u010dtovat vyprodukovanou energii mezi jednotliv\u00fdmi byty&#8230;<\/p>\n\t\t<\/div>\n\t\t\n\t\t<\/div>\n\t\t\t\t\t<\/div>\n\t\t<\/div>\n\n\t\t\n\t\t\t<\/div>\n\t\t<\/div>\n\t\t\t\t\t\t<\/div>\n\t\t\t\t<\/div>\n\t\t\t\t\t<\/div>\n\t\t\t\t<\/div>\n\t\t\t\t\t<\/div>\n\t\t\t\t<\/div>\n\t\t\t\t<\/div>\n\t\t","protected":false},"excerpt":{"rendered":"<p>\u010cl\u00e1nky Filtry V\u0161e Akce Projekty Sd\u00edlen\u00ed elekt\u0159iny V\u0161e Akce Projekty Sd\u00edlen\u00ed elekt\u0159iny P\u0159e\u010d\u00edst \u010dl\u00e1nek Za dobrou prax\u00ed do Ji\u017en\u00edho Tyrolska Ve dnech 19.\u201323. kv\u011btna 2025 jsme jako ENERKOM Plze\u0148sko, z.s., uspo\u0159\u00e1dali odbornou exkurzi do Ji\u017en\u00edho Tyrolska, a to pod z\u00e1\u0161titou Celost\u00e1tn\u00ed s\u00edt\u011b pro venkov. P\u0159e\u010d\u00edst \u010dl\u00e1nek Za dobrou prax\u00ed do \u010cech a na Slovensko Ve [&hellip;]<\/p>\n","protected":false},"author":1,"featured_media":0,"parent":0,"menu_order":0,"comment_status":"closed","ping_status":"closed","template":"elementor_header_footer","meta":{"inline_featured_image":false,"footnotes":""},"class_list":["post-45","page","type-page","status-publish","hentry"],"_links":{"self":[{"href":"https:\/\/www.enerkom-plzensko.cz\/index.php\/wp-json\/wp\/v2\/pages\/45","targetHints":{"allow":["GET"]}}],"collection":[{"href":"https:\/\/www.enerkom-plzensko.cz\/index.php\/wp-json\/wp\/v2\/pages"}],"about":[{"href":"https:\/\/www.enerkom-plzensko.cz\/index.php\/wp-json\/wp\/v2\/types\/page"}],"author":[{"embeddable":true,"href":"https:\/\/www.enerkom-plzensko.cz\/index.php\/wp-json\/wp\/v2\/users\/1"}],"replies":[{"embeddable":true,"href":"https:\/\/www.enerkom-plzensko.cz\/index.php\/wp-json\/wp\/v2\/comments?post=45"}],"version-history":[{"count":88,"href":"https:\/\/www.enerkom-plzensko.cz\/index.php\/wp-json\/wp\/v2\/pages\/45\/revisions"}],"predecessor-version":[{"id":1600,"href":"https:\/\/www.enerkom-plzensko.cz\/index.php\/wp-json\/wp\/v2\/pages\/45\/revisions\/1600"}],"wp:attachment":[{"href":"https:\/\/www.enerkom-plzensko.cz\/index.php\/wp-json\/wp\/v2\/media?parent=45"}],"curies":[{"name":"wp","href":"https:\/\/api.w.org\/{rel}","templated":true}]}}