{"id":47,"date":"2025-07-31T11:17:04","date_gmt":"2025-07-31T09:17:04","guid":{"rendered":"https:\/\/www.enerkom-plzensko.cz\/?page_id=47"},"modified":"2026-04-13T18:51:29","modified_gmt":"2026-04-13T16:51:29","slug":"kontakt","status":"publish","type":"page","link":"https:\/\/www.enerkom-plzensko.cz\/index.php\/kontakt\/","title":{"rendered":"Kontakt"},"content":{"rendered":"\t\t<div data-elementor-type=\"wp-page\" data-elementor-id=\"47\" class=\"elementor elementor-47\" data-elementor-settings=\"{&quot;element_pack_global_tooltip_width&quot;:{&quot;unit&quot;:&quot;px&quot;,&quot;size&quot;:&quot;&quot;,&quot;sizes&quot;:[]},&quot;element_pack_global_tooltip_width_tablet&quot;:{&quot;unit&quot;:&quot;px&quot;,&quot;size&quot;:&quot;&quot;,&quot;sizes&quot;:[]},&quot;element_pack_global_tooltip_width_mobile&quot;:{&quot;unit&quot;:&quot;px&quot;,&quot;size&quot;:&quot;&quot;,&quot;sizes&quot;:[]},&quot;element_pack_global_tooltip_padding&quot;:{&quot;unit&quot;:&quot;px&quot;,&quot;top&quot;:&quot;&quot;,&quot;right&quot;:&quot;&quot;,&quot;bottom&quot;:&quot;&quot;,&quot;left&quot;:&quot;&quot;,&quot;isLinked&quot;:true},&quot;element_pack_global_tooltip_padding_tablet&quot;:{&quot;unit&quot;:&quot;px&quot;,&quot;top&quot;:&quot;&quot;,&quot;right&quot;:&quot;&quot;,&quot;bottom&quot;:&quot;&quot;,&quot;left&quot;:&quot;&quot;,&quot;isLinked&quot;:true},&quot;element_pack_global_tooltip_padding_mobile&quot;:{&quot;unit&quot;:&quot;px&quot;,&quot;top&quot;:&quot;&quot;,&quot;right&quot;:&quot;&quot;,&quot;bottom&quot;:&quot;&quot;,&quot;left&quot;:&quot;&quot;,&quot;isLinked&quot;:true},&quot;element_pack_global_tooltip_border_radius&quot;:{&quot;unit&quot;:&quot;px&quot;,&quot;top&quot;:&quot;&quot;,&quot;right&quot;:&quot;&quot;,&quot;bottom&quot;:&quot;&quot;,&quot;left&quot;:&quot;&quot;,&quot;isLinked&quot;:true},&quot;element_pack_global_tooltip_border_radius_tablet&quot;:{&quot;unit&quot;:&quot;px&quot;,&quot;top&quot;:&quot;&quot;,&quot;right&quot;:&quot;&quot;,&quot;bottom&quot;:&quot;&quot;,&quot;left&quot;:&quot;&quot;,&quot;isLinked&quot;:true},&quot;element_pack_global_tooltip_border_radius_mobile&quot;:{&quot;unit&quot;:&quot;px&quot;,&quot;top&quot;:&quot;&quot;,&quot;right&quot;:&quot;&quot;,&quot;bottom&quot;:&quot;&quot;,&quot;left&quot;:&quot;&quot;,&quot;isLinked&quot;:true}}\" data-elementor-post-type=\"page\">\n\t\t\t\t<div class=\"elementor-element elementor-element-fa04052 e-flex e-con-boxed e-con e-parent\" data-id=\"fa04052\" data-element_type=\"container\" data-e-type=\"container\">\n\t\t\t\t\t<div class=\"e-con-inner\">\n\t\t<div class=\"elementor-element elementor-element-0acefcb e-con-full e-flex e-con e-child\" data-id=\"0acefcb\" data-element_type=\"container\" data-e-type=\"container\">\n\t\t<div class=\"elementor-element elementor-element-098ef5f e-con-full e-flex e-con e-child\" data-id=\"098ef5f\" data-element_type=\"container\" data-e-type=\"container\">\n\t\t\t\t<div class=\"elementor-element elementor-element-4d9b9e9 elementor-widget elementor-widget-heading\" data-id=\"4d9b9e9\" data-element_type=\"widget\" data-e-type=\"widget\" data-widget_type=\"heading.default\">\n\t\t\t\t<div class=\"elementor-widget-container\">\n\t\t\t\t\t<h1 class=\"elementor-heading-title elementor-size-default\">Kontakt<\/h1>\t\t\t\t<\/div>\n\t\t\t\t<\/div>\n\t\t\t\t<div class=\"elementor-element elementor-element-c7c707f elementor-widget elementor-widget-image\" data-id=\"c7c707f\" data-element_type=\"widget\" data-e-type=\"widget\" data-widget_type=\"image.default\">\n\t\t\t\t<div class=\"elementor-widget-container\">\n\t\t\t\t\t\t\t\t\t\t\t\t\t\t\t<img decoding=\"async\" width=\"88\" height=\"6\" src=\"https:\/\/www.enerkom-plzensko.cz\/wp-content\/uploads\/2025\/08\/gfx_nadpis-3.png\" class=\"attachment-large size-large wp-image-297\" alt=\"\" \/>\t\t\t\t\t\t\t\t\t\t\t\t\t\t\t<\/div>\n\t\t\t\t<\/div>\n\t\t\t\t<\/div>\n\t\t<div class=\"elementor-element elementor-element-f437456 e-con-full e-flex e-con e-child\" data-id=\"f437456\" data-element_type=\"container\" data-e-type=\"container\">\n\t\t<div class=\"elementor-element elementor-element-4db3ed2 e-con-full e-flex e-con e-child\" data-id=\"4db3ed2\" data-element_type=\"container\" data-e-type=\"container\">\n\t\t\t\t<div class=\"elementor-element elementor-element-19e5c32 elementor-widget elementor-widget-bdt-member\" data-id=\"19e5c32\" data-element_type=\"widget\" data-e-type=\"widget\" data-widget_type=\"bdt-member.default\">\n\t\t\t\t<div class=\"elementor-widget-container\">\n\t\t\t\t\t\t\t<div class=\"bdt-member skin-default bdt-transition-toggle\">\n\t\t\t\t\t\t\t<div class=\"bdt-member-photo-wrapper\">\n\t\t\t\t\t\n\t\t\t\t\t<div class=\"bdt-member-photo\">\n\t\t\t\t\t\t<div class=\" bdt-transition-scale-up\">\n\t\t\t\t\t\t\t<img fetchpriority=\"high\" decoding=\"async\" width=\"800\" height=\"703\" src=\"https:\/\/www.enerkom-plzensko.cz\/wp-content\/uploads\/2025\/08\/Andrea-Kubernatova-profil-2.jpg\" class=\"attachment-full size-full\" alt=\"Andrea Kubern\u00e1tov\u00e1\" srcset=\"https:\/\/www.enerkom-plzensko.cz\/wp-content\/uploads\/2025\/08\/Andrea-Kubernatova-profil-2.jpg 800w, https:\/\/www.enerkom-plzensko.cz\/wp-content\/uploads\/2025\/08\/Andrea-Kubernatova-profil-2-300x264.jpg 300w, https:\/\/www.enerkom-plzensko.cz\/wp-content\/uploads\/2025\/08\/Andrea-Kubernatova-profil-2-768x675.jpg 768w\" sizes=\"(max-width: 800px) 100vw, 800px\" \/>\t\t\t\t\t\t<\/div>\n\t\t\t\t\t<\/div>\n\t\t\t\t\t\t\t\t\t<\/div>\n\t\t\t\n\t\t\t<div class=\"bdt-member-content\">\n\t\t\t\t\t\t\t\t\t<span class=\"bdt-member-name\">Andrea Kubern\u00e1tov\u00e1<\/span>\n\t\t\t\t\t\t\t\t\t\t\t\t\t<span class=\"bdt-member-role\">p\u0159edsedkyn\u011b<\/span>\n\t\t\t\t\t\t\t\t\t\t\t<\/div>\n\t\t\t\t\t<div class=\"bdt-member-icons \">\n\t\t\t\t\t\t\t<a class=\"bdt-member-icon elementor-repeater-item-7cb5bf0\" href=\"https:\/\/www.facebook.com\/enerkomplzensko\" data-bdt-tooltip=\"title: Facebook;\" target=\"_blank\" rel=\"noopener\">\n\t\t\t\t\t<svg aria-hidden=\"true\" class=\"fa-fw e-font-icon-svg e-fab-facebook-f\" viewBox=\"0 0 320 512\" xmlns=\"http:\/\/www.w3.org\/2000\/svg\"><path d=\"M279.14 288l14.22-92.66h-88.91v-60.13c0-25.35 12.42-50.06 52.24-50.06h40.42V6.26S260.43 0 225.36 0c-73.22 0-121.08 44.38-121.08 124.72v70.62H22.89V288h81.39v224h100.17V288z\"><\/path><\/svg>\t\t\t\t<\/a>\n\t\t\t\t\t\t\t\t<a class=\"bdt-member-icon elementor-repeater-item-53627c2\" href=\"https:\/\/www.linkedin.com\/in\/andrea-kubern%C3%A1tov%C3%A1-074799325\/\" data-bdt-tooltip=\"title: LinkedIn;\" target=\"_blank\" rel=\"noopener\">\n\t\t\t\t\t<svg aria-hidden=\"true\" class=\"fa-fw e-font-icon-svg e-fab-linkedin-in\" viewBox=\"0 0 448 512\" xmlns=\"http:\/\/www.w3.org\/2000\/svg\"><path d=\"M100.28 448H7.4V148.9h92.88zM53.79 108.1C24.09 108.1 0 83.5 0 53.8a53.79 53.79 0 0 1 107.58 0c0 29.7-24.1 54.3-53.79 54.3zM447.9 448h-92.68V302.4c0-34.7-.7-79.2-48.29-79.2-48.29 0-55.69 37.7-55.69 76.7V448h-92.78V148.9h89.08v40.8h1.3c12.4-23.5 42.69-48.3 87.88-48.3 94 0 111.28 61.9 111.28 142.3V448z\"><\/path><\/svg>\t\t\t\t<\/a>\n\t\t\t\t\t\t<\/div>\n\t\t\t\t<\/div>\n\t\t\t\t\t\t<\/div>\n\t\t\t\t<\/div>\n\t\t\t\t<\/div>\n\t\t<div class=\"elementor-element elementor-element-c3fb537 e-con-full e-flex e-con e-child\" data-id=\"c3fb537\" data-element_type=\"container\" data-e-type=\"container\">\n\t\t\t\t<div class=\"elementor-element elementor-element-034f476 elementor-widget elementor-widget-bdt-member\" data-id=\"034f476\" data-element_type=\"widget\" data-e-type=\"widget\" data-widget_type=\"bdt-member.default\">\n\t\t\t\t<div class=\"elementor-widget-container\">\n\t\t\t\t\t\t\t<div class=\"bdt-member skin-default bdt-transition-toggle\">\n\t\t\t\t\t\t\t<div class=\"bdt-member-photo-wrapper\">\n\t\t\t\t\t\n\t\t\t\t\t<div class=\"bdt-member-photo\">\n\t\t\t\t\t\t<div class=\" bdt-transition-scale-up\">\n\t\t\t\t\t\t\t<img decoding=\"async\" width=\"800\" height=\"703\" src=\"https:\/\/www.enerkom-plzensko.cz\/wp-content\/uploads\/2025\/08\/Zdenek-Strejc-profil-1.jpg\" class=\"attachment-full size-full\" alt=\"Zden\u011bk Strejc\" srcset=\"https:\/\/www.enerkom-plzensko.cz\/wp-content\/uploads\/2025\/08\/Zdenek-Strejc-profil-1.jpg 800w, https:\/\/www.enerkom-plzensko.cz\/wp-content\/uploads\/2025\/08\/Zdenek-Strejc-profil-1-300x264.jpg 300w, https:\/\/www.enerkom-plzensko.cz\/wp-content\/uploads\/2025\/08\/Zdenek-Strejc-profil-1-768x675.jpg 768w\" sizes=\"(max-width: 800px) 100vw, 800px\" \/>\t\t\t\t\t\t<\/div>\n\t\t\t\t\t<\/div>\n\t\t\t\t\t\t\t\t\t<\/div>\n\t\t\t\n\t\t\t<div class=\"bdt-member-content\">\n\t\t\t\t\t\t\t\t\t<span class=\"bdt-member-name\">Zden\u011bk Strejc<\/span>\n\t\t\t\t\t\t\t\t\t\t\t\t\t<span class=\"bdt-member-role\">m\u00edstop\u0159edseda<\/span>\n\t\t\t\t\t\t\t\t\t\t\t<\/div>\n\t\t\t\t\t<div class=\"bdt-member-icons \">\n\t\t\t\t\t\t\t<a class=\"bdt-member-icon elementor-repeater-item-7cb5bf0\" href=\"https:\/\/www.facebook.com\/enerkomplzensko\" data-bdt-tooltip=\"title: Facebook;\" target=\"_blank\" rel=\"noopener\">\n\t\t\t\t\t<svg aria-hidden=\"true\" class=\"fa-fw e-font-icon-svg e-fab-facebook-f\" viewBox=\"0 0 320 512\" xmlns=\"http:\/\/www.w3.org\/2000\/svg\"><path d=\"M279.14 288l14.22-92.66h-88.91v-60.13c0-25.35 12.42-50.06 52.24-50.06h40.42V6.26S260.43 0 225.36 0c-73.22 0-121.08 44.38-121.08 124.72v70.62H22.89V288h81.39v224h100.17V288z\"><\/path><\/svg>\t\t\t\t<\/a>\n\t\t\t\t\t\t<\/div>\n\t\t\t\t<\/div>\n\t\t\t\t\t\t<\/div>\n\t\t\t\t<\/div>\n\t\t\t\t<\/div>\n\t\t<div class=\"elementor-element elementor-element-166f325 e-con-full e-flex e-con e-child\" data-id=\"166f325\" data-element_type=\"container\" data-e-type=\"container\">\n\t\t\t\t<\/div>\n\t\t<div class=\"elementor-element elementor-element-56cc29b e-con-full e-flex e-con e-child\" data-id=\"56cc29b\" data-element_type=\"container\" data-e-type=\"container\">\n\t\t\t\t<div class=\"elementor-element elementor-element-07484c1 elementor-widget elementor-widget-heading\" data-id=\"07484c1\" data-element_type=\"widget\" data-e-type=\"widget\" data-widget_type=\"heading.default\">\n\t\t\t\t<div class=\"elementor-widget-container\">\n\t\t\t\t\t<h3 class=\"elementor-heading-title elementor-size-default\">ENERKOM Plze\u0148sko, z. s.<\/h3>\t\t\t\t<\/div>\n\t\t\t\t<\/div>\n\t\t\t\t<div class=\"elementor-element elementor-element-ea37930 elementor-widget__width-initial elementor-widget elementor-widget-text-editor\" data-id=\"ea37930\" data-element_type=\"widget\" data-e-type=\"widget\" data-widget_type=\"text-editor.default\">\n\t\t\t\t<div class=\"elementor-widget-container\">\n\t\t\t\t\t\t\t\t\t<p><strong>S\u00eddlo:<\/strong>\u00a0Edvarda Bene\u0161e 1808\/28, Plze\u0148, 301 00<br \/><strong>Pr\u00e1vn\u00ed forma:<\/strong>\u00a0Spolek<br \/><strong>Datum vzniku:<\/strong>\u00a05. 10. 2023<\/p><p><strong>I\u010cO:<\/strong>\u00a0<span class=\"nowrap\">19789815<\/span><\/p><p>Registrace na ER\u00da: 23.7.2024<br \/>Registrace u EDC:\u00a0 13.8.2024<\/p><p>Pro <strong>energetick\u00e9 poradenstv\u00ed<\/strong> pros\u00edm vyu\u017eijte tyto kontaktn\u00ed \u00fadaje:<\/p><ul><li><a href=\"mailto:poradce@enerkom-plzensko.cz\"><strong>poradce@enerkom-plzensko.cz<\/strong><\/a><\/li><li><strong>725 909 836<\/strong><\/li><\/ul>\t\t\t\t\t\t\t\t<\/div>\n\t\t\t\t<\/div>\n\t\t\t\t<\/div>\n\t\t\t\t<\/div>\n\t\t\t\t<\/div>\n\t\t\t\t\t<\/div>\n\t\t\t\t<\/div>\n\t\t<div class=\"elementor-element elementor-element-09ee121 e-flex e-con-boxed e-con e-parent\" data-id=\"09ee121\" data-element_type=\"container\" data-e-type=\"container\">\n\t\t\t\t\t<div class=\"e-con-inner\">\n\t\t\t\t<div class=\"elementor-element elementor-element-acfa5a0 elementor-widget elementor-widget-spacer\" data-id=\"acfa5a0\" data-element_type=\"widget\" data-e-type=\"widget\" data-widget_type=\"spacer.default\">\n\t\t\t\t<div class=\"elementor-widget-container\">\n\t\t\t\t\t\t\t<div class=\"elementor-spacer\">\n\t\t\t<div class=\"elementor-spacer-inner\"><\/div>\n\t\t<\/div>\n\t\t\t\t\t\t<\/div>\n\t\t\t\t<\/div>\n\t\t\t\t\t<\/div>\n\t\t\t\t<\/div>\n\t\t\t\t<\/div>\n\t\t","protected":false},"excerpt":{"rendered":"<p>Kontakt Andrea Kubern\u00e1tov\u00e1 p\u0159edsedkyn\u011b Zden\u011bk Strejc m\u00edstop\u0159edseda ENERKOM Plze\u0148sko, z. s. S\u00eddlo:\u00a0Edvarda Bene\u0161e 1808\/28, Plze\u0148, 301 00Pr\u00e1vn\u00ed forma:\u00a0SpolekDatum vzniku:\u00a05. 10. 2023 I\u010cO:\u00a019789815 Registrace na ER\u00da: 23.7.2024Registrace u EDC:\u00a0 13.8.2024 Pro energetick\u00e9 poradenstv\u00ed pros\u00edm vyu\u017eijte tyto kontaktn\u00ed \u00fadaje: poradce@enerkom-plzensko.cz 725 909 836<\/p>\n","protected":false},"author":1,"featured_media":0,"parent":0,"menu_order":0,"comment_status":"closed","ping_status":"closed","template":"elementor_header_footer","meta":{"inline_featured_image":false,"footnotes":""},"class_list":["post-47","page","type-page","status-publish","hentry"],"_links":{"self":[{"href":"https:\/\/www.enerkom-plzensko.cz\/index.php\/wp-json\/wp\/v2\/pages\/47","targetHints":{"allow":["GET"]}}],"collection":[{"href":"https:\/\/www.enerkom-plzensko.cz\/index.php\/wp-json\/wp\/v2\/pages"}],"about":[{"href":"https:\/\/www.enerkom-plzensko.cz\/index.php\/wp-json\/wp\/v2\/types\/page"}],"author":[{"embeddable":true,"href":"https:\/\/www.enerkom-plzensko.cz\/index.php\/wp-json\/wp\/v2\/users\/1"}],"replies":[{"embeddable":true,"href":"https:\/\/www.enerkom-plzensko.cz\/index.php\/wp-json\/wp\/v2\/comments?post=47"}],"version-history":[{"count":124,"href":"https:\/\/www.enerkom-plzensko.cz\/index.php\/wp-json\/wp\/v2\/pages\/47\/revisions"}],"predecessor-version":[{"id":2069,"href":"https:\/\/www.enerkom-plzensko.cz\/index.php\/wp-json\/wp\/v2\/pages\/47\/revisions\/2069"}],"wp:attachment":[{"href":"https:\/\/www.enerkom-plzensko.cz\/index.php\/wp-json\/wp\/v2\/media?parent=47"}],"curies":[{"name":"wp","href":"https:\/\/api.w.org\/{rel}","templated":true}]}}